{"id":6359,"date":"2019-04-17T11:08:57","date_gmt":"2019-04-17T11:08:57","guid":{"rendered":"https:\/\/www.mercadodamadeira.pt\/homepage\/"},"modified":"2024-01-03T18:05:04","modified_gmt":"2024-01-03T18:05:04","slug":"homepage","status":"publish","type":"page","link":"https:\/\/www.mercadodamadeira.pt\/en\/","title":{"rendered":"Home"},"content":{"rendered":"\t\t<div data-elementor-type=\"wp-post\" data-elementor-id=\"6359\" class=\"elementor elementor-6359 elementor-21\" data-elementor-post-type=\"page\">\n\t\t\t\t<section class=\" elementor-section elementor-top-section elementor-element elementor-element-0e4c378 elementor-section-height-full rey-section-bg--rey_slideshow elementor-section-items-bottom rey-sectionScroll rey-sectionScroll--clip-in rey-section-stretched elementor-section-boxed elementor-section-height-default\" data-id=\"0e4c378\" data-element_type=\"section\" data-e-type=\"section\" data-settings='{\"background_background\":\"rey_slideshow\",\"rey_clip_threshold\":0.5}'><div class=\"elementor-background-slideshow rey-section-slideshow splide--scaler splide\" data-abs=\"\" data-rey-slideshow-settings='{\"type\":\"fade\",\"autoplay\":true,\"interval\":8000,\"speed\":1000,\"mobile\":true}' data-rey-slideshow-nav=\"\"><div class=\"splide__track\"><div class=\"splide__list\"><div style=\"--slide-index:0\" class=\"splide__slide rey-section-slideshowItem rey-section-slideshowItem--0 elementor-repeater-item-5bccbb5 is-active\"><img fetchpriority=\"high\" decoding=\"async\" width=\"1920\" height=\"1284\" src=\"https:\/\/www.mercadodamadeira.pt\/wp-content\/uploads\/2022\/04\/mesa_01.jpg\" class=\"rey-section-slideshowItem-img\" alt=\"\" srcset=\"https:\/\/www.mercadodamadeira.pt\/wp-content\/uploads\/2022\/04\/mesa_01.jpg 1920w, https:\/\/www.mercadodamadeira.pt\/wp-content\/uploads\/2022\/04\/mesa_01-800x535.jpg 800w, https:\/\/www.mercadodamadeira.pt\/wp-content\/uploads\/2022\/04\/mesa_01-300x201.jpg 300w, https:\/\/www.mercadodamadeira.pt\/wp-content\/uploads\/2022\/04\/mesa_01-1024x685.jpg 1024w, https:\/\/www.mercadodamadeira.pt\/wp-content\/uploads\/2022\/04\/mesa_01-768x514.jpg 768w, https:\/\/www.mercadodamadeira.pt\/wp-content\/uploads\/2022\/04\/mesa_01-1536x1027.jpg 1536w\" sizes=\"(max-width: 1920px) 100vw, 1920px\"><\/div><div style=\"--slide-index:1\" class=\"splide__slide rey-section-slideshowItem rey-section-slideshowItem--1 elementor-repeater-item-50d78f5 \" data-lazy-hiddenx=\"\"><img decoding=\"async\" width=\"1920\" height=\"1280\" src=\"https:\/\/www.mercadodamadeira.pt\/wp-content\/uploads\/2022\/04\/secretaria-1.jpg\" class=\"rey-section-slideshowItem-img\" alt=\"\" srcset=\"https:\/\/www.mercadodamadeira.pt\/wp-content\/uploads\/2022\/04\/secretaria-1.jpg 1920w, https:\/\/www.mercadodamadeira.pt\/wp-content\/uploads\/2022\/04\/secretaria-1-800x533.jpg 800w, https:\/\/www.mercadodamadeira.pt\/wp-content\/uploads\/2022\/04\/secretaria-1-300x200.jpg 300w, https:\/\/www.mercadodamadeira.pt\/wp-content\/uploads\/2022\/04\/secretaria-1-1024x683.jpg 1024w, https:\/\/www.mercadodamadeira.pt\/wp-content\/uploads\/2022\/04\/secretaria-1-768x512.jpg 768w, https:\/\/www.mercadodamadeira.pt\/wp-content\/uploads\/2022\/04\/secretaria-1-1536x1024.jpg 1536w\" sizes=\"(max-width: 1920px) 100vw, 1920px\"><\/div><div style=\"--slide-index:2\" class=\"splide__slide rey-section-slideshowItem rey-section-slideshowItem--2 elementor-repeater-item-19ea44d \" data-lazy-hiddenx=\"\"><img decoding=\"async\" width=\"2400\" height=\"1088\" src=\"https:\/\/www.mercadodamadeira.pt\/wp-content\/uploads\/2022\/03\/2.jpg\" class=\"rey-section-slideshowItem-img\" alt=\"\" srcset=\"https:\/\/www.mercadodamadeira.pt\/wp-content\/uploads\/2022\/03\/2.jpg 2400w, https:\/\/www.mercadodamadeira.pt\/wp-content\/uploads\/2022\/03\/2-800x363.jpg 800w, https:\/\/www.mercadodamadeira.pt\/wp-content\/uploads\/2022\/03\/2-300x136.jpg 300w, https:\/\/www.mercadodamadeira.pt\/wp-content\/uploads\/2022\/03\/2-1024x464.jpg 1024w, https:\/\/www.mercadodamadeira.pt\/wp-content\/uploads\/2022\/03\/2-768x348.jpg 768w, https:\/\/www.mercadodamadeira.pt\/wp-content\/uploads\/2022\/03\/2-1536x696.jpg 1536w, https:\/\/www.mercadodamadeira.pt\/wp-content\/uploads\/2022\/03\/2-2048x928.jpg 2048w\" sizes=\"(max-width: 2400px) 100vw, 2400px\"><\/div><div style=\"--slide-index:3\" class=\"splide__slide rey-section-slideshowItem rey-section-slideshowItem--3 elementor-repeater-item-a0161a8 \" data-lazy-hiddenx=\"\"><img loading=\"lazy\" decoding=\"async\" width=\"1920\" height=\"1281\" src=\"https:\/\/www.mercadodamadeira.pt\/wp-content\/uploads\/2022\/04\/timber.jpg\" class=\"rey-section-slideshowItem-img\" alt=\"\" srcset=\"https:\/\/www.mercadodamadeira.pt\/wp-content\/uploads\/2022\/04\/timber.jpg 1920w, https:\/\/www.mercadodamadeira.pt\/wp-content\/uploads\/2022\/04\/timber-800x534.jpg 800w, https:\/\/www.mercadodamadeira.pt\/wp-content\/uploads\/2022\/04\/timber-300x200.jpg 300w, https:\/\/www.mercadodamadeira.pt\/wp-content\/uploads\/2022\/04\/timber-1024x683.jpg 1024w, https:\/\/www.mercadodamadeira.pt\/wp-content\/uploads\/2022\/04\/timber-768x512.jpg 768w, https:\/\/www.mercadodamadeira.pt\/wp-content\/uploads\/2022\/04\/timber-1536x1025.jpg 1536w\" sizes=\"(max-width: 1920px) 100vw, 1920px\"><\/div><\/div><\/div><\/div>\n\t\t\t\t\t\t\t<div class=\"elementor-background-overlay\"><\/div>\n\t\t\t\t\t\t\t<div class=\"elementor-container elementor-column-gap-default\">\n\t\t\t\t\t<div class=\"elementor-column elementor-col-100 elementor-top-column elementor-element elementor-element-5141a04\" data-id=\"5141a04\" data-element_type=\"column\" data-e-type=\"column\">\n\t\t\t<div class=\"elementor-column-wrap--5141a04 elementor-widget-wrap elementor-element-populated\">\n\t\t\t\t\t\t<div class=\"elementor-element elementor-element-d94c75c elementor-widget elementor-widget-heading\" data-id=\"d94c75c\" data-element_type=\"widget\" data-e-type=\"widget\" data-widget_type=\"heading.default\">\n\t\t\t\t\t<h1 class=\"elementor-heading-title elementor-size-small\">WE VALUE WOOD<\/h1>\t\t\t\t<\/div>\n\t\t\t\t<div class=\"elementor-element elementor-element-3301bbe elementor-widget__width-initial elementor-hidden-tablet elementor-hidden-phone --direction--h --direction--tablet-v --direction--mobile-v --active-hover-yes elementor-widget elementor-widget-reycore-toggle-boxes\" data-id=\"3301bbe\" data-element_type=\"widget\" data-e-type=\"widget\" data-widget_type=\"reycore-toggle-boxes.stacks\">\n\t\t\t\t<div class=\"elementor-widget-container\">\n\t\t\t\t\t\t\t<div class=\"rey-toggleBoxes rey-toggleBoxes--h rey-toggleBoxes--stacks\" data-config='{\"target_type\":\"parent\",\"tabs_target\":\"\",\"carousel_target\":\"\",\"parent_trigger\":\"hover\"}'>\n\t\t\t\t\t\t<div class=\"rey-toggleBox --active\" tabindex=\"0\">\n\n\t\t\t\t\t<a href=\"https:\/\/www.mercadodamadeira.pt\/en\/produto\/mesa-garden-2\/\" target=\"_self\" tabindex=\"-1\"><span class=\"rey-toggleBox-text-active\">VIEW MORE<\/span><\/a><span class=\"rey-toggleBox-text-main\" tabindex=\"-1\">Table<\/span><span class=\"rey-toggleBox-text-secondary\" tabindex=\"-1\">Garden<\/span>\t\t\t\t<\/div>\n\t\t\t\t\t\t\t\t<div class=\"rey-toggleBox \" tabindex=\"0\">\n\n\t\t\t\t\t<a href=\"https:\/\/www.mercadodamadeira.pt\/en\/produto\/secretaria-fold-2\/\" target=\"_self\" tabindex=\"-1\"><span class=\"rey-toggleBox-text-active\">VIEW MORE<\/span><\/a><span class=\"rey-toggleBox-text-main\" tabindex=\"-1\">Secretary<\/span><span class=\"rey-toggleBox-text-secondary\" tabindex=\"-1\">Fold<\/span>\t\t\t\t<\/div>\n\t\t\t\t\t\t\t\t<div class=\"rey-toggleBox \" tabindex=\"0\">\n\n\t\t\t\t\t<a href=\"https:\/\/www.mercadodamadeira.pt\/en\/produto\/tampo-natural-chic-2\/\" target=\"_self\" tabindex=\"-1\"><span class=\"rey-toggleBox-text-active\">VIEW MORE<\/span><\/a><span class=\"rey-toggleBox-text-main\" tabindex=\"-1\">Tabletop<\/span><span class=\"rey-toggleBox-text-secondary\" tabindex=\"-1\"> Natural Chic<\/span>\t\t\t\t<\/div>\n\t\t\t\t\t\t\t\t<div class=\"rey-toggleBox \" tabindex=\"0\">\n\n\t\t\t\t\t<a href=\"https:\/\/www.mercadodamadeira.pt\/en\/produto\/prateleira-timber\/\" target=\"_self\" tabindex=\"-1\"><span class=\"rey-toggleBox-text-active\">VIEW MORE<\/span><\/a><span class=\"rey-toggleBox-text-main\" tabindex=\"-1\">Table<\/span><span class=\"rey-toggleBox-text-secondary\" tabindex=\"-1\">Timber<\/span>\t\t\t\t<\/div>\n\t\t\t\t\t\t<\/div>\n\t\t\t\t\t\t<\/div>\n\t\t\t\t<\/div>\n\t\t\t\t<div class=\"elementor-element elementor-element-f953087 elementor-widget elementor-widget-heading\" data-id=\"f953087\" data-element_type=\"widget\" data-e-type=\"widget\" data-widget_type=\"heading.default\">\n\t\t\t\t\t<p class=\"elementor-heading-title elementor-size-small\">JOINT INTERNATIONALIZATION PROJECT No. POCI-02-0752-FEDER-179301<\/p>\t\t\t\t<\/div>\n\t\t\t\t<div class=\"elementor-element elementor-element-158ff64 elementor-widget elementor-widget-image\" data-id=\"158ff64\" data-element_type=\"widget\" data-e-type=\"widget\" data-widget_type=\"image.default\">\n\t\t\t\t\t\t\t\t\t\t\t\t\t\t\t<img loading=\"lazy\" decoding=\"async\" width=\"602\" height=\"81\" src=\"https:\/\/www.mercadodamadeira.pt\/wp-content\/uploads\/2024\/01\/logof_compete_white.webp\" class=\"attachment-large size-large wp-image-8335\" alt=\"\" srcset=\"https:\/\/www.mercadodamadeira.pt\/wp-content\/uploads\/2024\/01\/logof_compete_white.webp 602w, https:\/\/www.mercadodamadeira.pt\/wp-content\/uploads\/2024\/01\/logof_compete_white-300x40.webp 300w, https:\/\/www.mercadodamadeira.pt\/wp-content\/uploads\/2024\/01\/logof_compete_white-600x81.webp 600w, https:\/\/www.mercadodamadeira.pt\/wp-content\/uploads\/2024\/01\/logof_compete_white-480x65.webp 480w, https:\/\/www.mercadodamadeira.pt\/wp-content\/uploads\/2024\/01\/logof_compete_white-240x32.webp 240w\" sizes=\"(max-width: 602px) 100vw, 602px\">\t\t\t\t\t\t\t\t\t\t\t\t\t\t\t<\/div>\n\t\t\t\t<div class=\"elementor-element elementor-element-e9dfb32 elementor-widget-divider--view-line elementor-widget elementor-widget-divider\" data-id=\"e9dfb32\" data-element_type=\"widget\" data-e-type=\"widget\" data-widget_type=\"divider.default\">\n\t\t\t\t\t\t\t<div class=\"elementor-divider\">\n\t\t\t<span class=\"elementor-divider-separator\">\n\t\t\t\t\t\t<\/span>\n\t\t<\/div>\n\t\t\t\t\t\t<\/div>\n\t\t\t\t<div class=\"elementor-element elementor-element-bef3efc e-grid-align-left elementor-widget__width-auto elementor-shape-rounded elementor-grid-0 elementor-widget elementor-widget-social-icons\" data-id=\"bef3efc\" data-element_type=\"widget\" data-e-type=\"widget\" data-widget_type=\"social-icons.default\">\n\t\t\t\t\t\t\t<div class=\"elementor-social-icons-wrapper elementor-grid\" role=\"list\">\n\t\t\t\t\t\t\t<span class=\"elementor-grid-item\" role=\"listitem\">\n\t\t\t\t\t<a class=\"elementor-icon elementor-social-icon elementor-social-icon-instagram elementor-repeater-item-19cfc1a\" href=\"https:\/\/www.instagram.com\/mercadodamadeira.pt\/\" target=\"_blank\">\n\t\t\t\t\t\t<span class=\"elementor-screen-only\">Instagram<\/span>\n\t\t\t\t\t\t<svg aria-hidden=\"true\" class=\"e-font-icon-svg e-fab-instagram\" viewbox=\"0 0 448 512\" xmlns=\"http:\/\/www.w3.org\/2000\/svg\"><path d=\"M224.1 141c-63.6 0-114.9 51.3-114.9 114.9s51.3 114.9 114.9 114.9S339 319.5 339 255.9 287.7 141 224.1 141zm0 189.6c-41.1 0-74.7-33.5-74.7-74.7s33.5-74.7 74.7-74.7 74.7 33.5 74.7 74.7-33.6 74.7-74.7 74.7zm146.4-194.3c0 14.9-12 26.8-26.8 26.8-14.9 0-26.8-12-26.8-26.8s12-26.8 26.8-26.8 26.8 12 26.8 26.8zm76.1 27.2c-1.7-35.9-9.9-67.7-36.2-93.9-26.2-26.2-58-34.4-93.9-36.2-37-2.1-147.9-2.1-184.9 0-35.8 1.7-67.6 9.9-93.9 36.1s-34.4 58-36.2 93.9c-2.1 37-2.1 147.9 0 184.9 1.7 35.9 9.9 67.7 36.2 93.9s58 34.4 93.9 36.2c37 2.1 147.9 2.1 184.9 0 35.9-1.7 67.7-9.9 93.9-36.2 26.2-26.2 34.4-58 36.2-93.9 2.1-37 2.1-147.8 0-184.8zM398.8 388c-7.8 19.6-22.9 34.7-42.6 42.6-29.5 11.7-99.5 9-132.1 9s-102.7 2.6-132.1-9c-19.6-7.8-34.7-22.9-42.6-42.6-11.7-29.5-9-99.5-9-132.1s-2.6-102.7 9-132.1c7.8-19.6 22.9-34.7 42.6-42.6 29.5-11.7 99.5-9 132.1-9s102.7-2.6 132.1 9c19.6 7.8 34.7 22.9 42.6 42.6 11.7 29.5 9 99.5 9 132.1s2.7 102.7-9 132.1z\"><\/path><\/svg>\t\t\t\t\t<\/a>\n\t\t\t\t<\/span>\n\t\t\t\t\t\t\t<span class=\"elementor-grid-item\" role=\"listitem\">\n\t\t\t\t\t<a class=\"elementor-icon elementor-social-icon elementor-social-icon-facebook elementor-repeater-item-3c38254\" href=\"https:\/\/www.facebook.com\/mercadodamadeira\/\" target=\"_blank\">\n\t\t\t\t\t\t<span class=\"elementor-screen-only\">Facebook<\/span>\n\t\t\t\t\t\t<svg aria-hidden=\"true\" class=\"e-font-icon-svg e-fab-facebook\" viewbox=\"0 0 512 512\" xmlns=\"http:\/\/www.w3.org\/2000\/svg\"><path d=\"M504 256C504 119 393 8 256 8S8 119 8 256c0 123.78 90.69 226.38 209.25 245V327.69h-63V256h63v-54.64c0-62.15 37-96.48 93.67-96.48 27.14 0 55.52 4.84 55.52 4.84v61h-31.28c-30.8 0-40.41 19.12-40.41 38.73V256h68.78l-11 71.69h-57.78V501C413.31 482.38 504 379.78 504 256z\"><\/path><\/svg>\t\t\t\t\t<\/a>\n\t\t\t\t<\/span>\n\t\t\t\t\t\t\t<span class=\"elementor-grid-item\" role=\"listitem\">\n\t\t\t\t\t<a class=\"elementor-icon elementor-social-icon elementor-social-icon-linkedin elementor-repeater-item-503bca3\" href=\"https:\/\/www.linkedin.com\/company\/mercado-da-madeira\/\" target=\"_blank\">\n\t\t\t\t\t\t<span class=\"elementor-screen-only\">Linkedin<\/span>\n\t\t\t\t\t\t<svg aria-hidden=\"true\" class=\"e-font-icon-svg e-fab-linkedin\" viewbox=\"0 0 448 512\" xmlns=\"http:\/\/www.w3.org\/2000\/svg\"><path d=\"M416 32H31.9C14.3 32 0 46.5 0 64.3v383.4C0 465.5 14.3 480 31.9 480H416c17.6 0 32-14.5 32-32.3V64.3c0-17.8-14.4-32.3-32-32.3zM135.4 416H69V202.2h66.5V416zm-33.2-243c-21.3 0-38.5-17.3-38.5-38.5S80.9 96 102.2 96c21.2 0 38.5 17.3 38.5 38.5 0 21.3-17.2 38.5-38.5 38.5zm282.1 243h-66.4V312c0-24.8-.5-56.7-34.5-56.7-34.6 0-39.9 27-39.9 54.9V416h-66.4V202.2h63.7v29.2h.9c8.9-16.8 30.6-34.5 62.9-34.5 67.2 0 79.7 44.3 79.7 101.9V416z\"><\/path><\/svg>\t\t\t\t\t<\/a>\n\t\t\t\t<\/span>\n\t\t\t\t\t\t\t<span class=\"elementor-grid-item\" role=\"listitem\">\n\t\t\t\t\t<a class=\"elementor-icon elementor-social-icon elementor-social-icon-pinterest elementor-repeater-item-aab3973\" href=\"https:\/\/www.pinterest.pt\/mercadodamadeira\/\" target=\"_blank\">\n\t\t\t\t\t\t<span class=\"elementor-screen-only\">Pinterest<\/span>\n\t\t\t\t\t\t<svg aria-hidden=\"true\" class=\"e-font-icon-svg e-fab-pinterest\" viewbox=\"0 0 496 512\" xmlns=\"http:\/\/www.w3.org\/2000\/svg\"><path d=\"M496 256c0 137-111 248-248 248-25.6 0-50.2-3.9-73.4-11.1 10.1-16.5 25.2-43.5 30.8-65 3-11.6 15.4-59 15.4-59 8.1 15.4 31.7 28.5 56.8 28.5 74.8 0 128.7-68.8 128.7-154.3 0-81.9-66.9-143.2-152.9-143.2-107 0-163.9 71.8-163.9 150.1 0 36.4 19.4 81.7 50.3 96.1 4.7 2.2 7.2 1.2 8.3-3.3.8-3.4 5-20.3 6.9-28.1.6-2.5.3-4.7-1.7-7.1-10.1-12.5-18.3-35.3-18.3-56.6 0-54.7 41.4-107.6 112-107.6 60.9 0 103.6 41.5 103.6 100.9 0 67.1-33.9 113.6-78 113.6-24.3 0-42.6-20.1-36.7-44.8 7-29.5 20.5-61.3 20.5-82.6 0-19-10.2-34.9-31.4-34.9-24.9 0-44.9 25.7-44.9 60.2 0 22 7.4 36.8 7.4 36.8s-24.5 103.8-29 123.2c-5 21.4-3 51.6-.9 71.2C65.4 450.9 0 361.1 0 256 0 119 111 8 248 8s248 111 248 248z\"><\/path><\/svg>\t\t\t\t\t<\/a>\n\t\t\t\t<\/span>\n\t\t\t\t\t<\/div>\n\t\t\t\t\t\t<\/div>\n\t\t\t\t<div class=\"elementor-element elementor-element-f4a7465 elementor-widget__width-auto elementor-widget-divider--view-line elementor-widget elementor-widget-divider\" data-id=\"f4a7465\" data-element_type=\"widget\" data-e-type=\"widget\" data-widget_type=\"divider.default\">\n\t\t\t\t\t\t\t<div class=\"elementor-divider\">\n\t\t\t<span class=\"elementor-divider-separator\">\n\t\t\t\t\t\t<\/span>\n\t\t<\/div>\n\t\t\t\t\t\t<\/div>\n\t\t\t\t<div class=\"elementor-element elementor-element-013408e elementor-button-underline-hover elementor-widget__width-auto elementor-widget elementor-widget-button\" data-id=\"013408e\" data-element_type=\"widget\" data-e-type=\"widget\" data-widget_type=\"button.default\">\n\t\t\t\t\t\t\t\t\t\t<a class=\"elementor-button elementor-button-link elementor-size-sm\" href=\"https:\/\/www.mercadodamadeira.pt\/en\/contacts\/\">\n\t\t\t\t\t\t<span class=\"elementor-button-content-wrapper\">\n\t\t\t\t\t\t<span class=\"elementor-button-icon\">\n\t\t\t\t<svg xmlns=\"http:\/\/www.w3.org\/2000\/svg\" xmlns:xlink=\"http:\/\/www.w3.org\/1999\/xlink\" width=\"14px\" height=\"14px\" viewbox=\"0 0 14 14\"><path d=\"M6.368,13.102 C6.717,14.151 7.379,14.188 7.846,13.188 L13.155,1.813 C13.622,0.811 13.189,0.379 12.188,0.846 L0.812,6.154 C-0.189,6.621 -0.151,7.283 0.897,7.633 L5,9 L6.368,13.102 Z\"><\/path><\/svg>\t\t\t<\/span>\n\t\t\t\t\t\t\t\t\t<span class=\"elementor-button-text\">WHERE ARE WE<\/span>\n\t\t\t\t\t<\/span>\n\t\t\t\t\t<\/a>\n\t\t\t\t\t\t\t\t<\/div>\n\t\t\t\t<div class=\"elementor-element elementor-element-be71b62 elementor-widget__width-auto --il--right elementor-hidden-tablet elementor-hidden-phone --il--tablet-right --il--mobile-right elementor-widget elementor-widget-reycore-scroll-decorations\" data-id=\"be71b62\" data-element_type=\"widget\" data-e-type=\"widget\" data-widget_type=\"reycore-scroll-decorations.default\">\n\t\t\t\t<div class=\"elementor-widget-container\">\n\t\t\t\t\t\t\t<a href=\"#\" class=\"rey-scrollDeco rey-scrollDeco--default\" data-target=\"next\" data-lazy-hidden>\n\t\t\n\t\t\t\t\t<span class=\"rey-scrollDeco-text\">SCROLL<\/span>\n\t\t\n\t\t<span class=\"rey-scrollDeco-line\"><\/span>\n\n\t\t<\/a>\t\t\t\t<\/div>\n\t\t\t\t<\/div>\n\t\t\t\t\t<\/div>\n\t\t<\/div>\n\t\t\t\t\t<\/div>\n\t\t<\/section>\n\t\t<section class=\"elementor-section elementor-top-section elementor-element elementor-element-6974bf8 elementor-section-full_width rey-flexWrap rey-section-stretched elementor-section-height-default elementor-section-height-default\" data-id=\"6974bf8\" data-element_type=\"section\" data-e-type=\"section\">\n\t\t\t\t\t\t<div class=\"elementor-container elementor-column-gap-default\">\n\t\t\t\t\t<div data-rey-anim-config=\"{&quot;id&quot;:&quot;e00bde8&quot;,&quot;element_type&quot;:&quot;column&quot;,&quot;animation_type&quot;:&quot;fade-slide&quot;,&quot;reveal_direction&quot;:&quot;&quot;,&quot;reveal_zoom&quot;:&quot;&quot;,&quot;reveal_bg&quot;:&quot;&quot;,&quot;activation_trigger&quot;:&quot;viewport&quot;,&quot;subject&quot;:&quot;column&quot;,&quot;duration&quot;:&quot;fast&quot;}\" class=\"rey-lazyBg elementor-column elementor-col-33 elementor-top-column elementor-element elementor-element-e00bde8 rey-colbg--classic rey-animate-el rey-anim--fade-slide rey-anim--viewport rey-anim--subject-column\" data-id=\"e00bde8\" data-element_type=\"column\" data-e-type=\"column\" data-settings=\"{&quot;background_background&quot;:&quot;classic&quot;}\">\n\t\t\t<div class=\"elementor-column-wrap--e00bde8 rey-animator-inner rey-animator-inner--e00bde8 elementor-widget-wrap elementor-element-populated\">\n\t\t\t\t\t<div class=\"elementor-background-overlay\"><\/div>\n\t\t\t\t\t\t<div class=\"elementor-element elementor-element-02b9641 elementor-widget elementor-widget-heading\" data-id=\"02b9641\" data-element_type=\"widget\" data-e-type=\"widget\" data-widget_type=\"heading.default\">\n\t\t\t\t\t<h2 class=\"elementor-heading-title elementor-size-default\"><a href=\"https:\/\/www.mercadodamadeira.pt\/en\/categoria-produto\/tabletops\/\">Tabletop<\/a><\/h2>\t\t\t\t<\/div>\n\t\t\t\t<div class=\"elementor-element elementor-element-45e3a80 p-ani--show p-trg--column elementor-widget elementor-widget-heading\" data-id=\"45e3a80\" data-element_type=\"widget\" data-e-type=\"widget\" data-widget_type=\"heading.default\">\n\t\t\t\t\t<p class=\"elementor-heading-title elementor-size-default\"><a class=\"h-ani\" href=\"https:\/\/www.mercadodamadeira.pt\/en\/categoria-produto\/tabletops\/\">see products<\/a><\/p>\t\t\t\t<\/div>\n\t\t\t\t\t<\/div>\n\t\t<\/div>\n\t\t\t\t<div data-rey-anim-config=\"{&quot;id&quot;:&quot;fac219d&quot;,&quot;element_type&quot;:&quot;column&quot;,&quot;animation_type&quot;:&quot;fade-slide&quot;,&quot;reveal_direction&quot;:&quot;&quot;,&quot;reveal_zoom&quot;:&quot;&quot;,&quot;reveal_bg&quot;:&quot;&quot;,&quot;activation_trigger&quot;:&quot;viewport&quot;,&quot;subject&quot;:&quot;column&quot;,&quot;delay&quot;:&quot;150&quot;,&quot;duration&quot;:&quot;fast&quot;}\" class=\"rey-lazyBg elementor-column elementor-col-33 elementor-top-column elementor-element elementor-element-fac219d rey-colbg--classic rey-animate-el rey-anim--fade-slide rey-anim--viewport rey-anim--subject-column\" data-id=\"fac219d\" data-element_type=\"column\" data-e-type=\"column\" data-settings=\"{&quot;background_background&quot;:&quot;classic&quot;}\">\n\t\t\t<div class=\"elementor-column-wrap--fac219d rey-animator-inner rey-animator-inner--fac219d elementor-widget-wrap elementor-element-populated\">\n\t\t\t\t\t<div class=\"elementor-background-overlay\"><\/div>\n\t\t\t\t\t\t<div class=\"elementor-element elementor-element-a935ec8 elementor-widget elementor-widget-heading\" data-id=\"a935ec8\" data-element_type=\"widget\" data-e-type=\"widget\" data-widget_type=\"heading.default\">\n\t\t\t\t\t<h2 class=\"elementor-heading-title elementor-size-default\"><a href=\"https:\/\/www.mercadodamadeira.pt\/en\/categoria-produto\/tables\/\">Table<\/a><\/h2>\t\t\t\t<\/div>\n\t\t\t\t<div class=\"elementor-element elementor-element-fad1a07 p-ani--show p-trg--column elementor-widget elementor-widget-heading\" data-id=\"fad1a07\" data-element_type=\"widget\" data-e-type=\"widget\" data-widget_type=\"heading.default\">\n\t\t\t\t\t<p class=\"elementor-heading-title elementor-size-default\"><a class=\"h-ani\" href=\"https:\/\/www.mercadodamadeira.pt\/en\/categoria-produto\/tables\/\">see products<\/a><\/p>\t\t\t\t<\/div>\n\t\t\t\t\t<\/div>\n\t\t<\/div>\n\t\t\t\t<div data-rey-anim-config=\"{&quot;id&quot;:&quot;4a237b4&quot;,&quot;element_type&quot;:&quot;column&quot;,&quot;animation_type&quot;:&quot;fade-slide&quot;,&quot;reveal_direction&quot;:&quot;&quot;,&quot;reveal_zoom&quot;:&quot;&quot;,&quot;reveal_bg&quot;:&quot;&quot;,&quot;activation_trigger&quot;:&quot;viewport&quot;,&quot;subject&quot;:&quot;column&quot;,&quot;delay&quot;:&quot;250&quot;,&quot;duration&quot;:&quot;fast&quot;}\" class=\"rey-lazyBg elementor-column elementor-col-33 elementor-top-column elementor-element elementor-element-4a237b4 rey-colbg--classic rey-animate-el rey-anim--fade-slide rey-anim--viewport rey-anim--subject-column\" data-id=\"4a237b4\" data-element_type=\"column\" data-e-type=\"column\" data-settings=\"{&quot;background_background&quot;:&quot;classic&quot;}\">\n\t\t\t<div class=\"elementor-column-wrap--4a237b4 rey-animator-inner rey-animator-inner--4a237b4 elementor-widget-wrap elementor-element-populated\">\n\t\t\t\t\t<div class=\"elementor-background-overlay\"><\/div>\n\t\t\t\t\t\t<div class=\"elementor-element elementor-element-9e97732 elementor-widget elementor-widget-heading\" data-id=\"9e97732\" data-element_type=\"widget\" data-e-type=\"widget\" data-widget_type=\"heading.default\">\n\t\t\t\t\t<h2 class=\"elementor-heading-title elementor-size-default\"><a href=\"https:\/\/mm.mercadodamadeira.pt\/produtos\/\">New<\/a><\/h2>\t\t\t\t<\/div>\n\t\t\t\t<div class=\"elementor-element elementor-element-9338fd2 p-ani--show p-trg--column elementor-widget elementor-widget-heading\" data-id=\"9338fd2\" data-element_type=\"widget\" data-e-type=\"widget\" data-widget_type=\"heading.default\">\n\t\t\t\t\t<p class=\"elementor-heading-title elementor-size-default\"><a class=\"h-ani\" href=\"https:\/\/www.mercadodamadeira.pt\/produtos\/\">see products<\/a><\/p>\t\t\t\t<\/div>\n\t\t\t\t\t<\/div>\n\t\t<\/div>\n\t\t\t\t\t<\/div>\n\t\t<\/section>\n\t\t\t\t<section class=\"elementor-section elementor-top-section elementor-element elementor-element-00f3937 elementor-section-full_width elementor-section-content-top rey-section-stretched elementor-section-height-default elementor-section-height-default\" data-id=\"00f3937\" data-element_type=\"section\" data-e-type=\"section\">\n\t\t\t\t\t\t<div class=\"elementor-container elementor-column-gap-default\">\n\t\t\t\t\t<div class=\"elementor-column elementor-col-50 elementor-top-column elementor-element elementor-element-4319cf9\" data-id=\"4319cf9\" data-element_type=\"column\" data-e-type=\"column\">\n\t\t\t<div class=\"elementor-column-wrap--4319cf9 elementor-widget-wrap elementor-element-populated\">\n\t\t\t\t\t\t<div class=\"elementor-element elementor-element-c7be946 elementor-hidden-tablet elementor-hidden-phone force-no-margin elementor-widget elementor-widget-reycore-product-grid\" data-id=\"c7be946\" data-element_type=\"widget\" data-e-type=\"widget\" data-widget_type=\"reycore-product-grid.default\">\n\t\t\t\t<div class=\"elementor-widget-container\">\n\t\t\t\t\t\n\t\t<div class=\"woocommerce rey-element reyEl-productGrid reyEl-productGrid--has-thumbs  \" data-qt=\"custom\">\n\n\t\t<ul class=\"products rey-wcGap-default rey-wcGrid-default --skin-wrapped\" data-skin=\"--skin-wrapped\" data-cols=\"2\" data-cols-tablet=\"1\" data-cols-mobile=\"2\" data-discount-mobile-top=\"yes\" data-params=\"[]\" >\n<li class=\"rey-swatches rey-swatches--stretch-labels product type-product post-6621 status-publish first instock product_cat-bedrooms product_cat-dining-rooms product_cat-living-rooms product_cat-office has-post-thumbnail taxable shipping-taxable purchasable product-type-simple is-animated --extraImg-slideshow --extraImg-mobile rey-wc-skin--wrapped rey-wc-loopAlign-left is-animated-entry\" data-pid=\"6621\">\n\n\t<div class=\"rey-productInner --box-styler\"><div class=\"rey-productThumbnail\"><div class=\"splide  --slide-hover\" data-pagination-id=\"__pagination-6621\"><div class=\"splide__track\"><div class=\"rey-productSlideshow splide__list\"><a href=\"https:\/\/www.mercadodamadeira.pt\/en\/produto\/prateleira-timber-2-2\/\" class=\"splide__slide\"><img loading=\"lazy\" decoding=\"async\" width=\"1024\" height=\"1024\" src=\"https:\/\/www.mercadodamadeira.pt\/wp-content\/uploads\/2022\/04\/prateleira.jpg\" class=\"rey-productThumbnail-extra\" alt=\"\" srcset=\"https:\/\/www.mercadodamadeira.pt\/wp-content\/uploads\/2022\/04\/prateleira.jpg 1024w, https:\/\/www.mercadodamadeira.pt\/wp-content\/uploads\/2022\/04\/prateleira-600x600.jpg 600w, https:\/\/www.mercadodamadeira.pt\/wp-content\/uploads\/2022\/04\/prateleira-100x100.jpg 100w, https:\/\/www.mercadodamadeira.pt\/wp-content\/uploads\/2022\/04\/prateleira-800x800.jpg 800w, https:\/\/www.mercadodamadeira.pt\/wp-content\/uploads\/2022\/04\/prateleira-300x300.jpg 300w, https:\/\/www.mercadodamadeira.pt\/wp-content\/uploads\/2022\/04\/prateleira-150x150.jpg 150w, https:\/\/www.mercadodamadeira.pt\/wp-content\/uploads\/2022\/04\/prateleira-768x768.jpg 768w\" sizes=\"(max-width: 1024px) 100vw, 1024px\" \/><\/a><a href=\"https:\/\/www.mercadodamadeira.pt\/en\/produto\/prateleira-timber-2-2\/\" class=\"splide__slide\"><img loading=\"lazy\" decoding=\"async\" width=\"1024\" height=\"1024\" src=\"https:\/\/www.mercadodamadeira.pt\/wp-content\/uploads\/2022\/04\/prateleria.jpg\" class=\"rey-productThumbnail-extra\" alt=\"\" srcset=\"https:\/\/www.mercadodamadeira.pt\/wp-content\/uploads\/2022\/04\/prateleria.jpg 1024w, https:\/\/www.mercadodamadeira.pt\/wp-content\/uploads\/2022\/04\/prateleria-600x600.jpg 600w, https:\/\/www.mercadodamadeira.pt\/wp-content\/uploads\/2022\/04\/prateleria-100x100.jpg 100w, https:\/\/www.mercadodamadeira.pt\/wp-content\/uploads\/2022\/04\/prateleria-800x800.jpg 800w, https:\/\/www.mercadodamadeira.pt\/wp-content\/uploads\/2022\/04\/prateleria-300x300.jpg 300w, https:\/\/www.mercadodamadeira.pt\/wp-content\/uploads\/2022\/04\/prateleria-150x150.jpg 150w, https:\/\/www.mercadodamadeira.pt\/wp-content\/uploads\/2022\/04\/prateleria-768x768.jpg 768w\" sizes=\"(max-width: 1024px) 100vw, 1024px\" \/><\/a><a href=\"https:\/\/www.mercadodamadeira.pt\/en\/produto\/prateleira-timber-2-2\/\" class=\"splide__slide\"><img loading=\"lazy\" decoding=\"async\" width=\"1024\" height=\"1024\" src=\"https:\/\/www.mercadodamadeira.pt\/wp-content\/uploads\/2022\/04\/prateleira-1.jpg\" class=\"rey-productThumbnail-extra\" alt=\"\" srcset=\"https:\/\/www.mercadodamadeira.pt\/wp-content\/uploads\/2022\/04\/prateleira-1.jpg 1024w, https:\/\/www.mercadodamadeira.pt\/wp-content\/uploads\/2022\/04\/prateleira-1-600x600.jpg 600w, https:\/\/www.mercadodamadeira.pt\/wp-content\/uploads\/2022\/04\/prateleira-1-100x100.jpg 100w, https:\/\/www.mercadodamadeira.pt\/wp-content\/uploads\/2022\/04\/prateleira-1-800x800.jpg 800w, https:\/\/www.mercadodamadeira.pt\/wp-content\/uploads\/2022\/04\/prateleira-1-300x300.jpg 300w, https:\/\/www.mercadodamadeira.pt\/wp-content\/uploads\/2022\/04\/prateleira-1-150x150.jpg 150w, https:\/\/www.mercadodamadeira.pt\/wp-content\/uploads\/2022\/04\/prateleira-1-768x768.jpg 768w\" sizes=\"(max-width: 1024px) 100vw, 1024px\" \/><\/a><\/div><div class=\"rey-productSlideshow-dots __pagination-6621 --bullets-style-bars\" data-position=\"\"><button data-go=\"0\" aria-label=\"Go to slide  0\"><span><\/span><\/button><button data-go=\"1\" aria-label=\"Go to slide  1\"><span><\/span><\/button><button data-go=\"2\" aria-label=\"Go to slide  2\"><span><\/span><\/button><\/div><\/div><\/div><\/div>\t\t<div class=\"rey-loopWrapper-details\">\n\t\t<button class=\"button rey-btn--under rey-quickviewBtn js-rey-quickviewBtn\" data-id=\"6621\" title=\"QUICKVIEW\">QUICKVIEW<\/button><h2 class=\"woocommerce-loop-product__title\"><a href=\"https:\/\/www.mercadodamadeira.pt\/en\/produto\/prateleira-timber-2-2\/\">Timber Shelf<\/a><\/h2>\t\t<\/div>\n\t\t\t<\/div>\n\t\n<\/li>\n\n\n<li class=\"rey-swatches rey-swatches--stretch-labels product type-product post-6755 status-publish last instock product_cat-dining-rooms product_cat-outdoor product_cat-tabletops has-post-thumbnail featured taxable shipping-taxable purchasable product-type-variable is-animated --extraImg-slideshow --extraImg-mobile rey-wc-skin--wrapped rey-wc-loopAlign-left is-animated-entry\" data-pid=\"6755\">\n\n\t<div class=\"rey-productInner --box-styler\"><div class=\"rey-productThumbnail\"><div class=\"splide  --slide-hover\" data-pagination-id=\"__pagination-6755\"><div class=\"splide__track\"><div class=\"rey-productSlideshow splide__list\"><a href=\"https:\/\/www.mercadodamadeira.pt\/en\/produto\/tampo-natural-chic-2\/\" class=\"splide__slide\"><img loading=\"lazy\" decoding=\"async\" width=\"1024\" height=\"1024\" src=\"https:\/\/www.mercadodamadeira.pt\/wp-content\/uploads\/2019\/04\/TP1-1024x1024.jpg\" class=\"rey-productThumbnail-extra\" alt=\"\" srcset=\"https:\/\/www.mercadodamadeira.pt\/wp-content\/uploads\/2019\/04\/TP1-1024x1024.jpg 1024w, https:\/\/www.mercadodamadeira.pt\/wp-content\/uploads\/2019\/04\/TP1-600x600.jpg 600w, https:\/\/www.mercadodamadeira.pt\/wp-content\/uploads\/2019\/04\/TP1-100x100.jpg 100w, https:\/\/www.mercadodamadeira.pt\/wp-content\/uploads\/2019\/04\/TP1-800x800.jpg 800w, https:\/\/www.mercadodamadeira.pt\/wp-content\/uploads\/2019\/04\/TP1-300x300.jpg 300w, https:\/\/www.mercadodamadeira.pt\/wp-content\/uploads\/2019\/04\/TP1-150x150.jpg 150w, https:\/\/www.mercadodamadeira.pt\/wp-content\/uploads\/2019\/04\/TP1-768x768.jpg 768w, https:\/\/www.mercadodamadeira.pt\/wp-content\/uploads\/2019\/04\/TP1-1536x1536.jpg 1536w, https:\/\/www.mercadodamadeira.pt\/wp-content\/uploads\/2019\/04\/TP1.jpg 1800w\" sizes=\"(max-width: 1024px) 100vw, 1024px\" \/><\/a><a href=\"https:\/\/www.mercadodamadeira.pt\/en\/produto\/tampo-natural-chic-2\/\" class=\"splide__slide\"><img loading=\"lazy\" decoding=\"async\" width=\"1024\" height=\"1024\" src=\"https:\/\/www.mercadodamadeira.pt\/wp-content\/uploads\/2019\/04\/TP1_01-1024x1024.jpg\" class=\"rey-productThumbnail-extra\" alt=\"\" srcset=\"https:\/\/www.mercadodamadeira.pt\/wp-content\/uploads\/2019\/04\/TP1_01-1024x1024.jpg 1024w, https:\/\/www.mercadodamadeira.pt\/wp-content\/uploads\/2019\/04\/TP1_01-600x600.jpg 600w, https:\/\/www.mercadodamadeira.pt\/wp-content\/uploads\/2019\/04\/TP1_01-100x100.jpg 100w, https:\/\/www.mercadodamadeira.pt\/wp-content\/uploads\/2019\/04\/TP1_01-800x800.jpg 800w, https:\/\/www.mercadodamadeira.pt\/wp-content\/uploads\/2019\/04\/TP1_01-300x300.jpg 300w, https:\/\/www.mercadodamadeira.pt\/wp-content\/uploads\/2019\/04\/TP1_01-150x150.jpg 150w, https:\/\/www.mercadodamadeira.pt\/wp-content\/uploads\/2019\/04\/TP1_01-768x768.jpg 768w, https:\/\/www.mercadodamadeira.pt\/wp-content\/uploads\/2019\/04\/TP1_01-1536x1536.jpg 1536w, https:\/\/www.mercadodamadeira.pt\/wp-content\/uploads\/2019\/04\/TP1_01.jpg 1800w\" sizes=\"(max-width: 1024px) 100vw, 1024px\" \/><\/a><a href=\"https:\/\/www.mercadodamadeira.pt\/en\/produto\/tampo-natural-chic-2\/\" class=\"splide__slide\"><img loading=\"lazy\" decoding=\"async\" width=\"1024\" height=\"1024\" src=\"https:\/\/www.mercadodamadeira.pt\/wp-content\/uploads\/2019\/04\/TP1_02-1024x1024.jpg\" class=\"rey-productThumbnail-extra\" alt=\"\" srcset=\"https:\/\/www.mercadodamadeira.pt\/wp-content\/uploads\/2019\/04\/TP1_02-1024x1024.jpg 1024w, https:\/\/www.mercadodamadeira.pt\/wp-content\/uploads\/2019\/04\/TP1_02-600x600.jpg 600w, https:\/\/www.mercadodamadeira.pt\/wp-content\/uploads\/2019\/04\/TP1_02-100x100.jpg 100w, https:\/\/www.mercadodamadeira.pt\/wp-content\/uploads\/2019\/04\/TP1_02-800x800.jpg 800w, https:\/\/www.mercadodamadeira.pt\/wp-content\/uploads\/2019\/04\/TP1_02-300x300.jpg 300w, https:\/\/www.mercadodamadeira.pt\/wp-content\/uploads\/2019\/04\/TP1_02-150x150.jpg 150w, https:\/\/www.mercadodamadeira.pt\/wp-content\/uploads\/2019\/04\/TP1_02-768x768.jpg 768w, https:\/\/www.mercadodamadeira.pt\/wp-content\/uploads\/2019\/04\/TP1_02-1536x1536.jpg 1536w, https:\/\/www.mercadodamadeira.pt\/wp-content\/uploads\/2019\/04\/TP1_02.jpg 1800w\" sizes=\"(max-width: 1024px) 100vw, 1024px\" \/><\/a><a href=\"https:\/\/www.mercadodamadeira.pt\/en\/produto\/tampo-natural-chic-2\/\" class=\"splide__slide\"><img loading=\"lazy\" decoding=\"async\" width=\"1024\" height=\"1024\" src=\"https:\/\/www.mercadodamadeira.pt\/wp-content\/uploads\/2019\/04\/TP1_03-1024x1024.jpg\" class=\"rey-productThumbnail-extra\" alt=\"\" srcset=\"https:\/\/www.mercadodamadeira.pt\/wp-content\/uploads\/2019\/04\/TP1_03-1024x1024.jpg 1024w, https:\/\/www.mercadodamadeira.pt\/wp-content\/uploads\/2019\/04\/TP1_03-600x600.jpg 600w, https:\/\/www.mercadodamadeira.pt\/wp-content\/uploads\/2019\/04\/TP1_03-100x100.jpg 100w, https:\/\/www.mercadodamadeira.pt\/wp-content\/uploads\/2019\/04\/TP1_03-800x800.jpg 800w, https:\/\/www.mercadodamadeira.pt\/wp-content\/uploads\/2019\/04\/TP1_03-300x300.jpg 300w, https:\/\/www.mercadodamadeira.pt\/wp-content\/uploads\/2019\/04\/TP1_03-150x150.jpg 150w, https:\/\/www.mercadodamadeira.pt\/wp-content\/uploads\/2019\/04\/TP1_03-768x768.jpg 768w, https:\/\/www.mercadodamadeira.pt\/wp-content\/uploads\/2019\/04\/TP1_03-1536x1536.jpg 1536w, https:\/\/www.mercadodamadeira.pt\/wp-content\/uploads\/2019\/04\/TP1_03.jpg 1800w\" sizes=\"(max-width: 1024px) 100vw, 1024px\" \/><\/a><\/div><div class=\"rey-productSlideshow-dots __pagination-6755 --bullets-style-bars\" data-position=\"\"><button data-go=\"0\" aria-label=\"Go to slide  0\"><span><\/span><\/button><button data-go=\"1\" aria-label=\"Go to slide  1\"><span><\/span><\/button><button data-go=\"2\" aria-label=\"Go to slide  2\"><span><\/span><\/button><button data-go=\"3\" aria-label=\"Go to slide  3\"><span><\/span><\/button><\/div><\/div><\/div><\/div>\t\t<div class=\"rey-loopWrapper-details\">\n\t\t<button class=\"button rey-btn--under rey-quickviewBtn js-rey-quickviewBtn\" data-id=\"6755\" title=\"QUICKVIEW\">QUICKVIEW<\/button><h2 class=\"woocommerce-loop-product__title\"><a href=\"https:\/\/www.mercadodamadeira.pt\/en\/produto\/tampo-natural-chic-2\/\">Natural Chic Tabletop<\/a><\/h2>\t\t<\/div>\n\t\t\t<\/div>\n\t\n<\/li>\n\n<\/ul><\/div>\t\t\t\t<\/div>\n\t\t\t\t<\/div>\n\t\t\t\t<div class=\"elementor-element elementor-element-75c0fa9 elementor-widget elementor-widget-reycore-product-grid\" data-id=\"75c0fa9\" data-element_type=\"widget\" data-e-type=\"widget\" data-widget_type=\"reycore-product-grid.default\">\n\t\t\t\t<div class=\"elementor-widget-container\">\n\t\t\t\t\t\n\t\t<div class=\"woocommerce rey-element reyEl-productGrid reyEl-productGrid--has-thumbs  \" data-qt=\"custom\">\n\n\t\t<ul class=\"products rey-wcGap-default rey-wcGrid-default --skin-wrapped\" data-skin=\"--skin-wrapped\" data-cols=\"4\" data-cols-tablet=\"2\" data-cols-mobile=\"2\" data-discount-mobile-top=\"yes\" data-params=\"[]\" >\n<li class=\"rey-swatches rey-swatches--stretch-labels product type-product post-7262 status-publish first instock product_cat-bedrooms product_cat-environment product_cat-products product_cat-tabletops has-post-thumbnail taxable shipping-taxable purchasable product-type-simple is-animated --extraImg-slideshow --extraImg-mobile rey-wc-skin--wrapped rey-wc-loopAlign-left is-animated-entry\" data-pid=\"7262\">\n\n\t<div class=\"rey-productInner --box-styler\"><div class=\"rey-productThumbnail\"><div class=\"splide  --slide-hover\" data-pagination-id=\"__pagination-7262\"><div class=\"splide__track\"><div class=\"rey-productSlideshow splide__list\"><a href=\"https:\/\/www.mercadodamadeira.pt\/en\/produto\/cabeceira-de-cama-natural-chic\/\" class=\"splide__slide\"><img loading=\"lazy\" decoding=\"async\" width=\"600\" height=\"600\" src=\"https:\/\/www.mercadodamadeira.pt\/wp-content\/uploads\/2022\/09\/Cama-Natural-Chic_04-600x600.jpg\" class=\"rey-productThumbnail-extra\" alt=\"\" srcset=\"https:\/\/www.mercadodamadeira.pt\/wp-content\/uploads\/2022\/09\/Cama-Natural-Chic_04-600x600.jpg 600w, https:\/\/www.mercadodamadeira.pt\/wp-content\/uploads\/2022\/09\/Cama-Natural-Chic_04-300x300.jpg 300w, https:\/\/www.mercadodamadeira.pt\/wp-content\/uploads\/2022\/09\/Cama-Natural-Chic_04-150x150.jpg 150w, https:\/\/www.mercadodamadeira.pt\/wp-content\/uploads\/2022\/09\/Cama-Natural-Chic_04-768x768.jpg 768w, https:\/\/www.mercadodamadeira.pt\/wp-content\/uploads\/2022\/09\/Cama-Natural-Chic_04-800x800.jpg 800w, https:\/\/www.mercadodamadeira.pt\/wp-content\/uploads\/2022\/09\/Cama-Natural-Chic_04-100x100.jpg 100w, https:\/\/www.mercadodamadeira.pt\/wp-content\/uploads\/2022\/09\/Cama-Natural-Chic_04-480x480.jpg 480w, https:\/\/www.mercadodamadeira.pt\/wp-content\/uploads\/2022\/09\/Cama-Natural-Chic_04-240x240.jpg 240w, https:\/\/www.mercadodamadeira.pt\/wp-content\/uploads\/2022\/09\/Cama-Natural-Chic_04.jpg 1024w\" sizes=\"(max-width: 600px) 100vw, 600px\" \/><\/a><a href=\"https:\/\/www.mercadodamadeira.pt\/en\/produto\/cabeceira-de-cama-natural-chic\/\" class=\"splide__slide\"><img loading=\"lazy\" decoding=\"async\" width=\"600\" height=\"600\" src=\"https:\/\/www.mercadodamadeira.pt\/wp-content\/uploads\/2022\/09\/Cama-Natural-Chic_03-600x600.jpg\" class=\"rey-productThumbnail-extra\" alt=\"\" srcset=\"https:\/\/www.mercadodamadeira.pt\/wp-content\/uploads\/2022\/09\/Cama-Natural-Chic_03-600x600.jpg 600w, https:\/\/www.mercadodamadeira.pt\/wp-content\/uploads\/2022\/09\/Cama-Natural-Chic_03-300x300.jpg 300w, https:\/\/www.mercadodamadeira.pt\/wp-content\/uploads\/2022\/09\/Cama-Natural-Chic_03-150x150.jpg 150w, https:\/\/www.mercadodamadeira.pt\/wp-content\/uploads\/2022\/09\/Cama-Natural-Chic_03-768x768.jpg 768w, https:\/\/www.mercadodamadeira.pt\/wp-content\/uploads\/2022\/09\/Cama-Natural-Chic_03-800x800.jpg 800w, https:\/\/www.mercadodamadeira.pt\/wp-content\/uploads\/2022\/09\/Cama-Natural-Chic_03-100x100.jpg 100w, https:\/\/www.mercadodamadeira.pt\/wp-content\/uploads\/2022\/09\/Cama-Natural-Chic_03-480x480.jpg 480w, https:\/\/www.mercadodamadeira.pt\/wp-content\/uploads\/2022\/09\/Cama-Natural-Chic_03-240x240.jpg 240w, https:\/\/www.mercadodamadeira.pt\/wp-content\/uploads\/2022\/09\/Cama-Natural-Chic_03.jpg 1024w\" sizes=\"(max-width: 600px) 100vw, 600px\" \/><\/a><a href=\"https:\/\/www.mercadodamadeira.pt\/en\/produto\/cabeceira-de-cama-natural-chic\/\" class=\"splide__slide\"><img loading=\"lazy\" decoding=\"async\" width=\"600\" height=\"600\" src=\"https:\/\/www.mercadodamadeira.pt\/wp-content\/uploads\/2022\/09\/Cama-Natural-Chic_02-600x600.jpg\" class=\"rey-productThumbnail-extra\" alt=\"\" srcset=\"https:\/\/www.mercadodamadeira.pt\/wp-content\/uploads\/2022\/09\/Cama-Natural-Chic_02-600x600.jpg 600w, https:\/\/www.mercadodamadeira.pt\/wp-content\/uploads\/2022\/09\/Cama-Natural-Chic_02-300x300.jpg 300w, https:\/\/www.mercadodamadeira.pt\/wp-content\/uploads\/2022\/09\/Cama-Natural-Chic_02-150x150.jpg 150w, https:\/\/www.mercadodamadeira.pt\/wp-content\/uploads\/2022\/09\/Cama-Natural-Chic_02-768x768.jpg 768w, https:\/\/www.mercadodamadeira.pt\/wp-content\/uploads\/2022\/09\/Cama-Natural-Chic_02-800x800.jpg 800w, https:\/\/www.mercadodamadeira.pt\/wp-content\/uploads\/2022\/09\/Cama-Natural-Chic_02-100x100.jpg 100w, https:\/\/www.mercadodamadeira.pt\/wp-content\/uploads\/2022\/09\/Cama-Natural-Chic_02-480x480.jpg 480w, https:\/\/www.mercadodamadeira.pt\/wp-content\/uploads\/2022\/09\/Cama-Natural-Chic_02-240x240.jpg 240w, https:\/\/www.mercadodamadeira.pt\/wp-content\/uploads\/2022\/09\/Cama-Natural-Chic_02.jpg 1024w\" sizes=\"(max-width: 600px) 100vw, 600px\" \/><\/a><a href=\"https:\/\/www.mercadodamadeira.pt\/en\/produto\/cabeceira-de-cama-natural-chic\/\" class=\"splide__slide\"><img loading=\"lazy\" decoding=\"async\" width=\"600\" height=\"600\" src=\"https:\/\/www.mercadodamadeira.pt\/wp-content\/uploads\/2022\/09\/Cama-Natural-Chic_01-600x600.jpg\" class=\"rey-productThumbnail-extra\" alt=\"\" srcset=\"https:\/\/www.mercadodamadeira.pt\/wp-content\/uploads\/2022\/09\/Cama-Natural-Chic_01-600x600.jpg 600w, https:\/\/www.mercadodamadeira.pt\/wp-content\/uploads\/2022\/09\/Cama-Natural-Chic_01-300x300.jpg 300w, https:\/\/www.mercadodamadeira.pt\/wp-content\/uploads\/2022\/09\/Cama-Natural-Chic_01-150x150.jpg 150w, https:\/\/www.mercadodamadeira.pt\/wp-content\/uploads\/2022\/09\/Cama-Natural-Chic_01-768x768.jpg 768w, https:\/\/www.mercadodamadeira.pt\/wp-content\/uploads\/2022\/09\/Cama-Natural-Chic_01-800x800.jpg 800w, https:\/\/www.mercadodamadeira.pt\/wp-content\/uploads\/2022\/09\/Cama-Natural-Chic_01-100x100.jpg 100w, https:\/\/www.mercadodamadeira.pt\/wp-content\/uploads\/2022\/09\/Cama-Natural-Chic_01-480x480.jpg 480w, https:\/\/www.mercadodamadeira.pt\/wp-content\/uploads\/2022\/09\/Cama-Natural-Chic_01-240x240.jpg 240w, https:\/\/www.mercadodamadeira.pt\/wp-content\/uploads\/2022\/09\/Cama-Natural-Chic_01.jpg 1024w\" sizes=\"(max-width: 600px) 100vw, 600px\" \/><\/a><\/div><div class=\"rey-productSlideshow-dots __pagination-7262 --bullets-style-bars\" data-position=\"\"><button data-go=\"0\" aria-label=\"Go to slide  0\"><span><\/span><\/button><button data-go=\"1\" aria-label=\"Go to slide  1\"><span><\/span><\/button><button data-go=\"2\" aria-label=\"Go to slide  2\"><span><\/span><\/button><button data-go=\"3\" aria-label=\"Go to slide  3\"><span><\/span><\/button><\/div><\/div><\/div><\/div>\t\t<div class=\"rey-loopWrapper-details\">\n\t\t<button class=\"button rey-btn--under rey-quickviewBtn js-rey-quickviewBtn\" data-id=\"7262\" title=\"QUICKVIEW\">QUICKVIEW<\/button><h2 class=\"woocommerce-loop-product__title\"><a href=\"https:\/\/www.mercadodamadeira.pt\/en\/produto\/cabeceira-de-cama-natural-chic\/\">Bed Headboard Natural Chic<\/a><\/h2>\t\t<\/div>\n\t\t\t<\/div>\n\t\n<\/li>\n\n\n<li class=\"rey-swatches rey-swatches--stretch-labels product type-product post-6432 status-publish instock product_cat-bedrooms product_cat-dining-rooms product_cat-living-rooms product_cat-office product_cat-outdoor has-post-thumbnail taxable shipping-taxable purchasable product-type-simple is-animated --extraImg-slideshow --extraImg-mobile rey-wc-skin--wrapped rey-wc-loopAlign-left is-animated-entry\" data-pid=\"6432\">\n\n\t<div class=\"rey-productInner --box-styler\"><div class=\"rey-productThumbnail\"><div class=\"splide  --slide-hover\" data-pagination-id=\"__pagination-6432\"><div class=\"splide__track\"><div class=\"rey-productSlideshow splide__list\"><a href=\"https:\/\/www.mercadodamadeira.pt\/en\/produto\/cubo-douglas-2\/\" class=\"splide__slide\"><img loading=\"lazy\" decoding=\"async\" width=\"600\" height=\"600\" src=\"https:\/\/www.mercadodamadeira.pt\/wp-content\/uploads\/2022\/04\/cubodouglas_01-600x600.jpg\" class=\"rey-productThumbnail-extra\" alt=\"\" srcset=\"https:\/\/www.mercadodamadeira.pt\/wp-content\/uploads\/2022\/04\/cubodouglas_01-600x600.jpg 600w, https:\/\/www.mercadodamadeira.pt\/wp-content\/uploads\/2022\/04\/cubodouglas_01-100x100.jpg 100w, https:\/\/www.mercadodamadeira.pt\/wp-content\/uploads\/2022\/04\/cubodouglas_01-800x800.jpg 800w, https:\/\/www.mercadodamadeira.pt\/wp-content\/uploads\/2022\/04\/cubodouglas_01-300x300.jpg 300w, https:\/\/www.mercadodamadeira.pt\/wp-content\/uploads\/2022\/04\/cubodouglas_01-150x150.jpg 150w, https:\/\/www.mercadodamadeira.pt\/wp-content\/uploads\/2022\/04\/cubodouglas_01-768x768.jpg 768w, https:\/\/www.mercadodamadeira.pt\/wp-content\/uploads\/2022\/04\/cubodouglas_01.jpg 1024w\" sizes=\"(max-width: 600px) 100vw, 600px\" \/><\/a><a href=\"https:\/\/www.mercadodamadeira.pt\/en\/produto\/cubo-douglas-2\/\" class=\"splide__slide\"><img loading=\"lazy\" decoding=\"async\" width=\"600\" height=\"600\" src=\"https:\/\/www.mercadodamadeira.pt\/wp-content\/uploads\/2022\/04\/viga-600x600.jpg\" class=\"rey-productThumbnail-extra\" alt=\"\" srcset=\"https:\/\/www.mercadodamadeira.pt\/wp-content\/uploads\/2022\/04\/viga-600x600.jpg 600w, https:\/\/www.mercadodamadeira.pt\/wp-content\/uploads\/2022\/04\/viga-100x100.jpg 100w, https:\/\/www.mercadodamadeira.pt\/wp-content\/uploads\/2022\/04\/viga-800x800.jpg 800w, https:\/\/www.mercadodamadeira.pt\/wp-content\/uploads\/2022\/04\/viga-300x300.jpg 300w, https:\/\/www.mercadodamadeira.pt\/wp-content\/uploads\/2022\/04\/viga-150x150.jpg 150w, https:\/\/www.mercadodamadeira.pt\/wp-content\/uploads\/2022\/04\/viga-768x768.jpg 768w, https:\/\/www.mercadodamadeira.pt\/wp-content\/uploads\/2022\/04\/viga.jpg 1024w\" sizes=\"(max-width: 600px) 100vw, 600px\" \/><\/a><a href=\"https:\/\/www.mercadodamadeira.pt\/en\/produto\/cubo-douglas-2\/\" class=\"splide__slide\"><img loading=\"lazy\" decoding=\"async\" width=\"600\" height=\"600\" src=\"https:\/\/www.mercadodamadeira.pt\/wp-content\/uploads\/2022\/04\/cubo-600x600.jpg\" class=\"rey-productThumbnail-extra\" alt=\"\" srcset=\"https:\/\/www.mercadodamadeira.pt\/wp-content\/uploads\/2022\/04\/cubo-600x600.jpg 600w, https:\/\/www.mercadodamadeira.pt\/wp-content\/uploads\/2022\/04\/cubo-100x100.jpg 100w, https:\/\/www.mercadodamadeira.pt\/wp-content\/uploads\/2022\/04\/cubo-800x800.jpg 800w, https:\/\/www.mercadodamadeira.pt\/wp-content\/uploads\/2022\/04\/cubo-300x300.jpg 300w, https:\/\/www.mercadodamadeira.pt\/wp-content\/uploads\/2022\/04\/cubo-150x150.jpg 150w, https:\/\/www.mercadodamadeira.pt\/wp-content\/uploads\/2022\/04\/cubo-768x768.jpg 768w, https:\/\/www.mercadodamadeira.pt\/wp-content\/uploads\/2022\/04\/cubo.jpg 1024w\" sizes=\"(max-width: 600px) 100vw, 600px\" \/><\/a><a href=\"https:\/\/www.mercadodamadeira.pt\/en\/produto\/cubo-douglas-2\/\" class=\"splide__slide\"><img loading=\"lazy\" decoding=\"async\" width=\"600\" height=\"600\" src=\"https:\/\/www.mercadodamadeira.pt\/wp-content\/uploads\/2022\/04\/cubo_01-600x600.jpg\" class=\"rey-productThumbnail-extra\" alt=\"\" srcset=\"https:\/\/www.mercadodamadeira.pt\/wp-content\/uploads\/2022\/04\/cubo_01-600x600.jpg 600w, https:\/\/www.mercadodamadeira.pt\/wp-content\/uploads\/2022\/04\/cubo_01-100x100.jpg 100w, https:\/\/www.mercadodamadeira.pt\/wp-content\/uploads\/2022\/04\/cubo_01-800x800.jpg 800w, https:\/\/www.mercadodamadeira.pt\/wp-content\/uploads\/2022\/04\/cubo_01-300x300.jpg 300w, https:\/\/www.mercadodamadeira.pt\/wp-content\/uploads\/2022\/04\/cubo_01-150x150.jpg 150w, https:\/\/www.mercadodamadeira.pt\/wp-content\/uploads\/2022\/04\/cubo_01-768x768.jpg 768w, https:\/\/www.mercadodamadeira.pt\/wp-content\/uploads\/2022\/04\/cubo_01.jpg 1024w\" sizes=\"(max-width: 600px) 100vw, 600px\" \/><\/a><\/div><div class=\"rey-productSlideshow-dots __pagination-6432 --bullets-style-bars\" data-position=\"\"><button data-go=\"0\" aria-label=\"Go to slide  0\"><span><\/span><\/button><button data-go=\"1\" aria-label=\"Go to slide  1\"><span><\/span><\/button><button data-go=\"2\" aria-label=\"Go to slide  2\"><span><\/span><\/button><button data-go=\"3\" aria-label=\"Go to slide  3\"><span><\/span><\/button><\/div><\/div><\/div><\/div>\t\t<div class=\"rey-loopWrapper-details\">\n\t\t<button class=\"button rey-btn--under rey-quickviewBtn js-rey-quickviewBtn\" data-id=\"6432\" title=\"QUICKVIEW\">QUICKVIEW<\/button><h2 class=\"woocommerce-loop-product__title\"><a href=\"https:\/\/www.mercadodamadeira.pt\/en\/produto\/cubo-douglas-2\/\">Douglas Cube<\/a><\/h2>\t\t<\/div>\n\t\t\t<\/div>\n\t\n<\/li>\n\n\n<li class=\"rey-swatches rey-swatches--stretch-labels product type-product post-6755 status-publish instock product_cat-dining-rooms product_cat-outdoor product_cat-tabletops has-post-thumbnail featured taxable shipping-taxable purchasable product-type-variable is-animated --extraImg-slideshow --extraImg-mobile rey-wc-skin--wrapped rey-wc-loopAlign-left is-animated-entry\" data-pid=\"6755\">\n\n\t<div class=\"rey-productInner --box-styler\"><div class=\"rey-productThumbnail\"><div class=\"splide  --slide-hover\" data-pagination-id=\"__pagination-6755\"><div class=\"splide__track\"><div class=\"rey-productSlideshow splide__list\"><a href=\"https:\/\/www.mercadodamadeira.pt\/en\/produto\/tampo-natural-chic-2\/\" class=\"splide__slide\"><img loading=\"lazy\" decoding=\"async\" width=\"600\" height=\"600\" src=\"https:\/\/www.mercadodamadeira.pt\/wp-content\/uploads\/2019\/04\/TP1-600x600.jpg\" class=\"rey-productThumbnail-extra\" alt=\"\" srcset=\"https:\/\/www.mercadodamadeira.pt\/wp-content\/uploads\/2019\/04\/TP1-600x600.jpg 600w, https:\/\/www.mercadodamadeira.pt\/wp-content\/uploads\/2019\/04\/TP1-100x100.jpg 100w, https:\/\/www.mercadodamadeira.pt\/wp-content\/uploads\/2019\/04\/TP1-800x800.jpg 800w, https:\/\/www.mercadodamadeira.pt\/wp-content\/uploads\/2019\/04\/TP1-300x300.jpg 300w, https:\/\/www.mercadodamadeira.pt\/wp-content\/uploads\/2019\/04\/TP1-1024x1024.jpg 1024w, https:\/\/www.mercadodamadeira.pt\/wp-content\/uploads\/2019\/04\/TP1-150x150.jpg 150w, https:\/\/www.mercadodamadeira.pt\/wp-content\/uploads\/2019\/04\/TP1-768x768.jpg 768w, https:\/\/www.mercadodamadeira.pt\/wp-content\/uploads\/2019\/04\/TP1-1536x1536.jpg 1536w, https:\/\/www.mercadodamadeira.pt\/wp-content\/uploads\/2019\/04\/TP1.jpg 1800w\" sizes=\"(max-width: 600px) 100vw, 600px\" \/><\/a><a href=\"https:\/\/www.mercadodamadeira.pt\/en\/produto\/tampo-natural-chic-2\/\" class=\"splide__slide\"><img loading=\"lazy\" decoding=\"async\" width=\"600\" height=\"600\" src=\"https:\/\/www.mercadodamadeira.pt\/wp-content\/uploads\/2019\/04\/TP1_01-600x600.jpg\" class=\"rey-productThumbnail-extra\" alt=\"\" srcset=\"https:\/\/www.mercadodamadeira.pt\/wp-content\/uploads\/2019\/04\/TP1_01-600x600.jpg 600w, https:\/\/www.mercadodamadeira.pt\/wp-content\/uploads\/2019\/04\/TP1_01-100x100.jpg 100w, https:\/\/www.mercadodamadeira.pt\/wp-content\/uploads\/2019\/04\/TP1_01-800x800.jpg 800w, https:\/\/www.mercadodamadeira.pt\/wp-content\/uploads\/2019\/04\/TP1_01-300x300.jpg 300w, https:\/\/www.mercadodamadeira.pt\/wp-content\/uploads\/2019\/04\/TP1_01-1024x1024.jpg 1024w, https:\/\/www.mercadodamadeira.pt\/wp-content\/uploads\/2019\/04\/TP1_01-150x150.jpg 150w, https:\/\/www.mercadodamadeira.pt\/wp-content\/uploads\/2019\/04\/TP1_01-768x768.jpg 768w, https:\/\/www.mercadodamadeira.pt\/wp-content\/uploads\/2019\/04\/TP1_01-1536x1536.jpg 1536w, https:\/\/www.mercadodamadeira.pt\/wp-content\/uploads\/2019\/04\/TP1_01.jpg 1800w\" sizes=\"(max-width: 600px) 100vw, 600px\" \/><\/a><a href=\"https:\/\/www.mercadodamadeira.pt\/en\/produto\/tampo-natural-chic-2\/\" class=\"splide__slide\"><img loading=\"lazy\" decoding=\"async\" width=\"600\" height=\"600\" src=\"https:\/\/www.mercadodamadeira.pt\/wp-content\/uploads\/2019\/04\/TP1_02-600x600.jpg\" class=\"rey-productThumbnail-extra\" alt=\"\" srcset=\"https:\/\/www.mercadodamadeira.pt\/wp-content\/uploads\/2019\/04\/TP1_02-600x600.jpg 600w, https:\/\/www.mercadodamadeira.pt\/wp-content\/uploads\/2019\/04\/TP1_02-100x100.jpg 100w, https:\/\/www.mercadodamadeira.pt\/wp-content\/uploads\/2019\/04\/TP1_02-800x800.jpg 800w, https:\/\/www.mercadodamadeira.pt\/wp-content\/uploads\/2019\/04\/TP1_02-300x300.jpg 300w, https:\/\/www.mercadodamadeira.pt\/wp-content\/uploads\/2019\/04\/TP1_02-1024x1024.jpg 1024w, https:\/\/www.mercadodamadeira.pt\/wp-content\/uploads\/2019\/04\/TP1_02-150x150.jpg 150w, https:\/\/www.mercadodamadeira.pt\/wp-content\/uploads\/2019\/04\/TP1_02-768x768.jpg 768w, https:\/\/www.mercadodamadeira.pt\/wp-content\/uploads\/2019\/04\/TP1_02-1536x1536.jpg 1536w, https:\/\/www.mercadodamadeira.pt\/wp-content\/uploads\/2019\/04\/TP1_02.jpg 1800w\" sizes=\"(max-width: 600px) 100vw, 600px\" \/><\/a><a href=\"https:\/\/www.mercadodamadeira.pt\/en\/produto\/tampo-natural-chic-2\/\" class=\"splide__slide\"><img loading=\"lazy\" decoding=\"async\" width=\"600\" height=\"600\" src=\"https:\/\/www.mercadodamadeira.pt\/wp-content\/uploads\/2019\/04\/TP1_03-600x600.jpg\" class=\"rey-productThumbnail-extra\" alt=\"\" srcset=\"https:\/\/www.mercadodamadeira.pt\/wp-content\/uploads\/2019\/04\/TP1_03-600x600.jpg 600w, https:\/\/www.mercadodamadeira.pt\/wp-content\/uploads\/2019\/04\/TP1_03-100x100.jpg 100w, https:\/\/www.mercadodamadeira.pt\/wp-content\/uploads\/2019\/04\/TP1_03-800x800.jpg 800w, https:\/\/www.mercadodamadeira.pt\/wp-content\/uploads\/2019\/04\/TP1_03-300x300.jpg 300w, https:\/\/www.mercadodamadeira.pt\/wp-content\/uploads\/2019\/04\/TP1_03-1024x1024.jpg 1024w, https:\/\/www.mercadodamadeira.pt\/wp-content\/uploads\/2019\/04\/TP1_03-150x150.jpg 150w, https:\/\/www.mercadodamadeira.pt\/wp-content\/uploads\/2019\/04\/TP1_03-768x768.jpg 768w, https:\/\/www.mercadodamadeira.pt\/wp-content\/uploads\/2019\/04\/TP1_03-1536x1536.jpg 1536w, https:\/\/www.mercadodamadeira.pt\/wp-content\/uploads\/2019\/04\/TP1_03.jpg 1800w\" sizes=\"(max-width: 600px) 100vw, 600px\" \/><\/a><\/div><div class=\"rey-productSlideshow-dots __pagination-6755 --bullets-style-bars\" data-position=\"\"><button data-go=\"0\" aria-label=\"Go to slide  0\"><span><\/span><\/button><button data-go=\"1\" aria-label=\"Go to slide  1\"><span><\/span><\/button><button data-go=\"2\" aria-label=\"Go to slide  2\"><span><\/span><\/button><button data-go=\"3\" aria-label=\"Go to slide  3\"><span><\/span><\/button><\/div><\/div><\/div><\/div>\t\t<div class=\"rey-loopWrapper-details\">\n\t\t<button class=\"button rey-btn--under rey-quickviewBtn js-rey-quickviewBtn\" data-id=\"6755\" title=\"QUICKVIEW\">QUICKVIEW<\/button><h2 class=\"woocommerce-loop-product__title\"><a href=\"https:\/\/www.mercadodamadeira.pt\/en\/produto\/tampo-natural-chic-2\/\">Natural Chic Tabletop<\/a><\/h2>\t\t<\/div>\n\t\t\t<\/div>\n\t\n<\/li>\n\n\n<li class=\"rey-swatches rey-swatches--stretch-labels product type-product post-8185 status-publish last instock product_cat-bedrooms product_cat-environment product_cat-living-rooms product_cat-office product_cat-products product_cat-trunks has-post-thumbnail taxable shipping-taxable purchasable product-type-simple is-animated --extraImg-slideshow --extraImg-mobile rey-wc-skin--wrapped rey-wc-loopAlign-left is-animated-entry\" data-pid=\"8185\">\n\n\t<div class=\"rey-productInner --box-styler\"><div class=\"rey-productThumbnail\"><div class=\"splide  --slide-hover\" data-pagination-id=\"__pagination-8185\"><div class=\"splide__track\"><div class=\"rey-productSlideshow splide__list\"><a href=\"https:\/\/www.mercadodamadeira.pt\/en\/produto\/banco-drum\/\" class=\"splide__slide\"><img loading=\"lazy\" decoding=\"async\" width=\"600\" height=\"600\" src=\"https:\/\/www.mercadodamadeira.pt\/wp-content\/uploads\/2023\/04\/Banco-Drum_01-600x600.jpg\" class=\"rey-productThumbnail-extra\" alt=\"\" srcset=\"https:\/\/www.mercadodamadeira.pt\/wp-content\/uploads\/2023\/04\/Banco-Drum_01-600x600.jpg 600w, https:\/\/www.mercadodamadeira.pt\/wp-content\/uploads\/2023\/04\/Banco-Drum_01-300x300.jpg 300w, https:\/\/www.mercadodamadeira.pt\/wp-content\/uploads\/2023\/04\/Banco-Drum_01-150x150.jpg 150w, https:\/\/www.mercadodamadeira.pt\/wp-content\/uploads\/2023\/04\/Banco-Drum_01-768x768.jpg 768w, https:\/\/www.mercadodamadeira.pt\/wp-content\/uploads\/2023\/04\/Banco-Drum_01-800x800.jpg 800w, https:\/\/www.mercadodamadeira.pt\/wp-content\/uploads\/2023\/04\/Banco-Drum_01-100x100.jpg 100w, https:\/\/www.mercadodamadeira.pt\/wp-content\/uploads\/2023\/04\/Banco-Drum_01-480x480.jpg 480w, https:\/\/www.mercadodamadeira.pt\/wp-content\/uploads\/2023\/04\/Banco-Drum_01-240x240.jpg 240w, https:\/\/www.mercadodamadeira.pt\/wp-content\/uploads\/2023\/04\/Banco-Drum_01.jpg 1024w\" sizes=\"(max-width: 600px) 100vw, 600px\" \/><\/a><a href=\"https:\/\/www.mercadodamadeira.pt\/en\/produto\/banco-drum\/\" class=\"splide__slide\"><img loading=\"lazy\" decoding=\"async\" width=\"600\" height=\"600\" src=\"https:\/\/www.mercadodamadeira.pt\/wp-content\/uploads\/2023\/04\/Banco-Drum_02-600x600.jpg\" class=\"rey-productThumbnail-extra\" alt=\"\" srcset=\"https:\/\/www.mercadodamadeira.pt\/wp-content\/uploads\/2023\/04\/Banco-Drum_02-600x600.jpg 600w, https:\/\/www.mercadodamadeira.pt\/wp-content\/uploads\/2023\/04\/Banco-Drum_02-300x300.jpg 300w, https:\/\/www.mercadodamadeira.pt\/wp-content\/uploads\/2023\/04\/Banco-Drum_02-150x150.jpg 150w, https:\/\/www.mercadodamadeira.pt\/wp-content\/uploads\/2023\/04\/Banco-Drum_02-768x768.jpg 768w, https:\/\/www.mercadodamadeira.pt\/wp-content\/uploads\/2023\/04\/Banco-Drum_02-800x800.jpg 800w, https:\/\/www.mercadodamadeira.pt\/wp-content\/uploads\/2023\/04\/Banco-Drum_02-100x100.jpg 100w, https:\/\/www.mercadodamadeira.pt\/wp-content\/uploads\/2023\/04\/Banco-Drum_02-480x480.jpg 480w, https:\/\/www.mercadodamadeira.pt\/wp-content\/uploads\/2023\/04\/Banco-Drum_02-240x240.jpg 240w, https:\/\/www.mercadodamadeira.pt\/wp-content\/uploads\/2023\/04\/Banco-Drum_02.jpg 1024w\" sizes=\"(max-width: 600px) 100vw, 600px\" \/><\/a><a href=\"https:\/\/www.mercadodamadeira.pt\/en\/produto\/banco-drum\/\" class=\"splide__slide\"><img loading=\"lazy\" decoding=\"async\" width=\"600\" height=\"600\" src=\"https:\/\/www.mercadodamadeira.pt\/wp-content\/uploads\/2023\/04\/Banco-Drum_04-600x600.jpg\" class=\"rey-productThumbnail-extra\" alt=\"\" srcset=\"https:\/\/www.mercadodamadeira.pt\/wp-content\/uploads\/2023\/04\/Banco-Drum_04-600x600.jpg 600w, https:\/\/www.mercadodamadeira.pt\/wp-content\/uploads\/2023\/04\/Banco-Drum_04-300x300.jpg 300w, https:\/\/www.mercadodamadeira.pt\/wp-content\/uploads\/2023\/04\/Banco-Drum_04-150x150.jpg 150w, https:\/\/www.mercadodamadeira.pt\/wp-content\/uploads\/2023\/04\/Banco-Drum_04-768x768.jpg 768w, https:\/\/www.mercadodamadeira.pt\/wp-content\/uploads\/2023\/04\/Banco-Drum_04-800x800.jpg 800w, https:\/\/www.mercadodamadeira.pt\/wp-content\/uploads\/2023\/04\/Banco-Drum_04-100x100.jpg 100w, https:\/\/www.mercadodamadeira.pt\/wp-content\/uploads\/2023\/04\/Banco-Drum_04-480x480.jpg 480w, https:\/\/www.mercadodamadeira.pt\/wp-content\/uploads\/2023\/04\/Banco-Drum_04-240x240.jpg 240w, https:\/\/www.mercadodamadeira.pt\/wp-content\/uploads\/2023\/04\/Banco-Drum_04.jpg 1024w\" sizes=\"(max-width: 600px) 100vw, 600px\" \/><\/a><a href=\"https:\/\/www.mercadodamadeira.pt\/en\/produto\/banco-drum\/\" class=\"splide__slide\"><img loading=\"lazy\" decoding=\"async\" width=\"600\" height=\"600\" src=\"https:\/\/www.mercadodamadeira.pt\/wp-content\/uploads\/2023\/04\/Banco-Drum_03-600x600.jpg\" class=\"rey-productThumbnail-extra\" alt=\"\" srcset=\"https:\/\/www.mercadodamadeira.pt\/wp-content\/uploads\/2023\/04\/Banco-Drum_03-600x600.jpg 600w, https:\/\/www.mercadodamadeira.pt\/wp-content\/uploads\/2023\/04\/Banco-Drum_03-300x300.jpg 300w, https:\/\/www.mercadodamadeira.pt\/wp-content\/uploads\/2023\/04\/Banco-Drum_03-150x150.jpg 150w, https:\/\/www.mercadodamadeira.pt\/wp-content\/uploads\/2023\/04\/Banco-Drum_03-768x768.jpg 768w, https:\/\/www.mercadodamadeira.pt\/wp-content\/uploads\/2023\/04\/Banco-Drum_03-800x800.jpg 800w, https:\/\/www.mercadodamadeira.pt\/wp-content\/uploads\/2023\/04\/Banco-Drum_03-100x100.jpg 100w, https:\/\/www.mercadodamadeira.pt\/wp-content\/uploads\/2023\/04\/Banco-Drum_03-480x480.jpg 480w, https:\/\/www.mercadodamadeira.pt\/wp-content\/uploads\/2023\/04\/Banco-Drum_03-240x240.jpg 240w, https:\/\/www.mercadodamadeira.pt\/wp-content\/uploads\/2023\/04\/Banco-Drum_03.jpg 1024w\" sizes=\"(max-width: 600px) 100vw, 600px\" \/><\/a><\/div><div class=\"rey-productSlideshow-dots __pagination-8185 --bullets-style-bars\" data-position=\"\"><button data-go=\"0\" aria-label=\"Go to slide  0\"><span><\/span><\/button><button data-go=\"1\" aria-label=\"Go to slide  1\"><span><\/span><\/button><button data-go=\"2\" aria-label=\"Go to slide  2\"><span><\/span><\/button><button data-go=\"3\" aria-label=\"Go to slide  3\"><span><\/span><\/button><\/div><\/div><\/div><\/div>\t\t<div class=\"rey-loopWrapper-details\">\n\t\t<button class=\"button rey-btn--under rey-quickviewBtn js-rey-quickviewBtn\" data-id=\"8185\" title=\"QUICKVIEW\">QUICKVIEW<\/button><h2 class=\"woocommerce-loop-product__title\"><a href=\"https:\/\/www.mercadodamadeira.pt\/en\/produto\/banco-drum\/\">Drum bench<\/a><\/h2>\t\t<\/div>\n\t\t\t<\/div>\n\t\n<\/li>\n\n\n<li class=\"rey-swatches rey-swatches--stretch-labels product type-product post-6905 status-publish first instock product_cat-dining-rooms product_cat-outdoor product_cat-tabletops has-post-thumbnail featured taxable shipping-taxable purchasable product-type-variable is-animated --extraImg-slideshow --extraImg-mobile rey-wc-skin--wrapped rey-wc-loopAlign-left is-animated-entry\" data-pid=\"6905\">\n\n\t<div class=\"rey-productInner --box-styler\"><div class=\"rey-productThumbnail\"><div class=\"splide  --slide-hover\" data-pagination-id=\"__pagination-6905\"><div class=\"splide__track\"><div class=\"rey-productSlideshow splide__list\"><a href=\"https:\/\/www.mercadodamadeira.pt\/en\/produto\/tampo-one-nature\/\" class=\"splide__slide\"><img loading=\"lazy\" decoding=\"async\" width=\"600\" height=\"600\" src=\"https:\/\/www.mercadodamadeira.pt\/wp-content\/uploads\/2022\/03\/TP2-600x600.jpg\" class=\"rey-productThumbnail-extra\" alt=\"\" srcset=\"https:\/\/www.mercadodamadeira.pt\/wp-content\/uploads\/2022\/03\/TP2-600x600.jpg 600w, https:\/\/www.mercadodamadeira.pt\/wp-content\/uploads\/2022\/03\/TP2-100x100.jpg 100w, https:\/\/www.mercadodamadeira.pt\/wp-content\/uploads\/2022\/03\/TP2-800x800.jpg 800w, https:\/\/www.mercadodamadeira.pt\/wp-content\/uploads\/2022\/03\/TP2-300x300.jpg 300w, https:\/\/www.mercadodamadeira.pt\/wp-content\/uploads\/2022\/03\/TP2-1024x1024.jpg 1024w, https:\/\/www.mercadodamadeira.pt\/wp-content\/uploads\/2022\/03\/TP2-150x150.jpg 150w, https:\/\/www.mercadodamadeira.pt\/wp-content\/uploads\/2022\/03\/TP2-768x768.jpg 768w, https:\/\/www.mercadodamadeira.pt\/wp-content\/uploads\/2022\/03\/TP2-1536x1536.jpg 1536w, https:\/\/www.mercadodamadeira.pt\/wp-content\/uploads\/2022\/03\/TP2.jpg 1800w\" sizes=\"(max-width: 600px) 100vw, 600px\" \/><\/a><a href=\"https:\/\/www.mercadodamadeira.pt\/en\/produto\/tampo-one-nature\/\" class=\"splide__slide\"><img loading=\"lazy\" decoding=\"async\" width=\"600\" height=\"600\" src=\"https:\/\/www.mercadodamadeira.pt\/wp-content\/uploads\/2019\/04\/TP1_4_01-600x600.jpg\" class=\"rey-productThumbnail-extra\" alt=\"\" srcset=\"https:\/\/www.mercadodamadeira.pt\/wp-content\/uploads\/2019\/04\/TP1_4_01-600x600.jpg 600w, https:\/\/www.mercadodamadeira.pt\/wp-content\/uploads\/2019\/04\/TP1_4_01-100x100.jpg 100w, https:\/\/www.mercadodamadeira.pt\/wp-content\/uploads\/2019\/04\/TP1_4_01-800x800.jpg 800w, https:\/\/www.mercadodamadeira.pt\/wp-content\/uploads\/2019\/04\/TP1_4_01-300x300.jpg 300w, https:\/\/www.mercadodamadeira.pt\/wp-content\/uploads\/2019\/04\/TP1_4_01-1024x1024.jpg 1024w, https:\/\/www.mercadodamadeira.pt\/wp-content\/uploads\/2019\/04\/TP1_4_01-150x150.jpg 150w, https:\/\/www.mercadodamadeira.pt\/wp-content\/uploads\/2019\/04\/TP1_4_01-768x768.jpg 768w, https:\/\/www.mercadodamadeira.pt\/wp-content\/uploads\/2019\/04\/TP1_4_01-1536x1536.jpg 1536w, https:\/\/www.mercadodamadeira.pt\/wp-content\/uploads\/2019\/04\/TP1_4_01.jpg 1800w\" sizes=\"(max-width: 600px) 100vw, 600px\" \/><\/a><a href=\"https:\/\/www.mercadodamadeira.pt\/en\/produto\/tampo-one-nature\/\" class=\"splide__slide\"><img loading=\"lazy\" decoding=\"async\" width=\"600\" height=\"600\" src=\"https:\/\/www.mercadodamadeira.pt\/wp-content\/uploads\/2022\/03\/onenature-600x600.jpg\" class=\"rey-productThumbnail-extra\" alt=\"\" srcset=\"https:\/\/www.mercadodamadeira.pt\/wp-content\/uploads\/2022\/03\/onenature-600x600.jpg 600w, https:\/\/www.mercadodamadeira.pt\/wp-content\/uploads\/2022\/03\/onenature-100x100.jpg 100w, https:\/\/www.mercadodamadeira.pt\/wp-content\/uploads\/2022\/03\/onenature-800x800.jpg 800w, https:\/\/www.mercadodamadeira.pt\/wp-content\/uploads\/2022\/03\/onenature-300x300.jpg 300w, https:\/\/www.mercadodamadeira.pt\/wp-content\/uploads\/2022\/03\/onenature-150x150.jpg 150w, https:\/\/www.mercadodamadeira.pt\/wp-content\/uploads\/2022\/03\/onenature-768x768.jpg 768w, https:\/\/www.mercadodamadeira.pt\/wp-content\/uploads\/2022\/03\/onenature.jpg 1024w\" sizes=\"(max-width: 600px) 100vw, 600px\" \/><\/a><a href=\"https:\/\/www.mercadodamadeira.pt\/en\/produto\/tampo-one-nature\/\" class=\"splide__slide\"><img loading=\"lazy\" decoding=\"async\" width=\"600\" height=\"600\" src=\"https:\/\/www.mercadodamadeira.pt\/wp-content\/uploads\/2022\/03\/onenature_01-600x600.jpg\" class=\"rey-productThumbnail-extra\" alt=\"\" srcset=\"https:\/\/www.mercadodamadeira.pt\/wp-content\/uploads\/2022\/03\/onenature_01-600x600.jpg 600w, https:\/\/www.mercadodamadeira.pt\/wp-content\/uploads\/2022\/03\/onenature_01-100x100.jpg 100w, https:\/\/www.mercadodamadeira.pt\/wp-content\/uploads\/2022\/03\/onenature_01-800x800.jpg 800w, https:\/\/www.mercadodamadeira.pt\/wp-content\/uploads\/2022\/03\/onenature_01-300x300.jpg 300w, https:\/\/www.mercadodamadeira.pt\/wp-content\/uploads\/2022\/03\/onenature_01-150x150.jpg 150w, https:\/\/www.mercadodamadeira.pt\/wp-content\/uploads\/2022\/03\/onenature_01-768x768.jpg 768w, https:\/\/www.mercadodamadeira.pt\/wp-content\/uploads\/2022\/03\/onenature_01.jpg 1024w\" sizes=\"(max-width: 600px) 100vw, 600px\" \/><\/a><\/div><div class=\"rey-productSlideshow-dots __pagination-6905 --bullets-style-bars\" data-position=\"\"><button data-go=\"0\" aria-label=\"Go to slide  0\"><span><\/span><\/button><button data-go=\"1\" aria-label=\"Go to slide  1\"><span><\/span><\/button><button data-go=\"2\" aria-label=\"Go to slide  2\"><span><\/span><\/button><button data-go=\"3\" aria-label=\"Go to slide  3\"><span><\/span><\/button><\/div><\/div><\/div><\/div>\t\t<div class=\"rey-loopWrapper-details\">\n\t\t<button class=\"button rey-btn--under rey-quickviewBtn js-rey-quickviewBtn\" data-id=\"6905\" title=\"QUICKVIEW\">QUICKVIEW<\/button><h2 class=\"woocommerce-loop-product__title\"><a href=\"https:\/\/www.mercadodamadeira.pt\/en\/produto\/tampo-one-nature\/\">One Nature Tabletop<\/a><\/h2>\t\t<\/div>\n\t\t\t<\/div>\n\t\n<\/li>\n\n\n<li class=\"rey-swatches rey-swatches--stretch-labels product type-product post-6630 status-publish instock product_cat-bedrooms product_cat-dining-rooms product_cat-office product_cat-tables has-post-thumbnail featured taxable shipping-taxable purchasable product-type-simple is-animated --extraImg-slideshow --extraImg-mobile rey-wc-skin--wrapped rey-wc-loopAlign-left is-animated-entry\" data-pid=\"6630\">\n\n\t<div class=\"rey-productInner --box-styler\"><div class=\"rey-productThumbnail\"><div class=\"splide  --slide-hover\" data-pagination-id=\"__pagination-6630\"><div class=\"splide__track\"><div class=\"rey-productSlideshow splide__list\"><a href=\"https:\/\/www.mercadodamadeira.pt\/en\/produto\/secretaria-fold-2\/\" class=\"splide__slide\"><img loading=\"lazy\" decoding=\"async\" width=\"600\" height=\"600\" src=\"https:\/\/www.mercadodamadeira.pt\/wp-content\/uploads\/2022\/03\/SC_16-04-600x600.jpg\" class=\"rey-productThumbnail-extra\" alt=\"\" srcset=\"https:\/\/www.mercadodamadeira.pt\/wp-content\/uploads\/2022\/03\/SC_16-04-600x600.jpg 600w, https:\/\/www.mercadodamadeira.pt\/wp-content\/uploads\/2022\/03\/SC_16-04-100x100.jpg 100w, https:\/\/www.mercadodamadeira.pt\/wp-content\/uploads\/2022\/03\/SC_16-04-800x800.jpg 800w, https:\/\/www.mercadodamadeira.pt\/wp-content\/uploads\/2022\/03\/SC_16-04-300x300.jpg 300w, https:\/\/www.mercadodamadeira.pt\/wp-content\/uploads\/2022\/03\/SC_16-04-1024x1024.jpg 1024w, https:\/\/www.mercadodamadeira.pt\/wp-content\/uploads\/2022\/03\/SC_16-04-150x150.jpg 150w, https:\/\/www.mercadodamadeira.pt\/wp-content\/uploads\/2022\/03\/SC_16-04-768x768.jpg 768w, https:\/\/www.mercadodamadeira.pt\/wp-content\/uploads\/2022\/03\/SC_16-04-1536x1536.jpg 1536w, https:\/\/www.mercadodamadeira.pt\/wp-content\/uploads\/2022\/03\/SC_16-04.jpg 1800w\" sizes=\"(max-width: 600px) 100vw, 600px\" \/><\/a><a href=\"https:\/\/www.mercadodamadeira.pt\/en\/produto\/secretaria-fold-2\/\" class=\"splide__slide\"><img loading=\"lazy\" decoding=\"async\" width=\"600\" height=\"600\" src=\"https:\/\/www.mercadodamadeira.pt\/wp-content\/uploads\/2022\/03\/SC_16-600x600.jpg\" class=\"rey-productThumbnail-extra\" alt=\"\" srcset=\"https:\/\/www.mercadodamadeira.pt\/wp-content\/uploads\/2022\/03\/SC_16-600x600.jpg 600w, https:\/\/www.mercadodamadeira.pt\/wp-content\/uploads\/2022\/03\/SC_16-100x100.jpg 100w, https:\/\/www.mercadodamadeira.pt\/wp-content\/uploads\/2022\/03\/SC_16-800x800.jpg 800w, https:\/\/www.mercadodamadeira.pt\/wp-content\/uploads\/2022\/03\/SC_16-300x300.jpg 300w, https:\/\/www.mercadodamadeira.pt\/wp-content\/uploads\/2022\/03\/SC_16-1024x1024.jpg 1024w, https:\/\/www.mercadodamadeira.pt\/wp-content\/uploads\/2022\/03\/SC_16-150x150.jpg 150w, https:\/\/www.mercadodamadeira.pt\/wp-content\/uploads\/2022\/03\/SC_16-768x768.jpg 768w, https:\/\/www.mercadodamadeira.pt\/wp-content\/uploads\/2022\/03\/SC_16-1536x1536.jpg 1536w, https:\/\/www.mercadodamadeira.pt\/wp-content\/uploads\/2022\/03\/SC_16.jpg 1800w\" sizes=\"(max-width: 600px) 100vw, 600px\" \/><\/a><a href=\"https:\/\/www.mercadodamadeira.pt\/en\/produto\/secretaria-fold-2\/\" class=\"splide__slide\"><img loading=\"lazy\" decoding=\"async\" width=\"600\" height=\"600\" src=\"https:\/\/www.mercadodamadeira.pt\/wp-content\/uploads\/2022\/03\/SC_16_01-600x600.jpg\" class=\"rey-productThumbnail-extra\" alt=\"\" srcset=\"https:\/\/www.mercadodamadeira.pt\/wp-content\/uploads\/2022\/03\/SC_16_01-600x600.jpg 600w, https:\/\/www.mercadodamadeira.pt\/wp-content\/uploads\/2022\/03\/SC_16_01-100x100.jpg 100w, https:\/\/www.mercadodamadeira.pt\/wp-content\/uploads\/2022\/03\/SC_16_01-800x800.jpg 800w, https:\/\/www.mercadodamadeira.pt\/wp-content\/uploads\/2022\/03\/SC_16_01-300x300.jpg 300w, https:\/\/www.mercadodamadeira.pt\/wp-content\/uploads\/2022\/03\/SC_16_01-1024x1024.jpg 1024w, https:\/\/www.mercadodamadeira.pt\/wp-content\/uploads\/2022\/03\/SC_16_01-150x150.jpg 150w, https:\/\/www.mercadodamadeira.pt\/wp-content\/uploads\/2022\/03\/SC_16_01-768x768.jpg 768w, https:\/\/www.mercadodamadeira.pt\/wp-content\/uploads\/2022\/03\/SC_16_01-1536x1536.jpg 1536w, https:\/\/www.mercadodamadeira.pt\/wp-content\/uploads\/2022\/03\/SC_16_01.jpg 1800w\" sizes=\"(max-width: 600px) 100vw, 600px\" \/><\/a><a href=\"https:\/\/www.mercadodamadeira.pt\/en\/produto\/secretaria-fold-2\/\" class=\"splide__slide\"><img loading=\"lazy\" decoding=\"async\" width=\"600\" height=\"600\" src=\"https:\/\/www.mercadodamadeira.pt\/wp-content\/uploads\/2022\/03\/SC_16_03-600x600.jpg\" class=\"rey-productThumbnail-extra\" alt=\"\" srcset=\"https:\/\/www.mercadodamadeira.pt\/wp-content\/uploads\/2022\/03\/SC_16_03-600x600.jpg 600w, https:\/\/www.mercadodamadeira.pt\/wp-content\/uploads\/2022\/03\/SC_16_03-100x100.jpg 100w, https:\/\/www.mercadodamadeira.pt\/wp-content\/uploads\/2022\/03\/SC_16_03-800x800.jpg 800w, https:\/\/www.mercadodamadeira.pt\/wp-content\/uploads\/2022\/03\/SC_16_03-300x300.jpg 300w, https:\/\/www.mercadodamadeira.pt\/wp-content\/uploads\/2022\/03\/SC_16_03-1024x1024.jpg 1024w, https:\/\/www.mercadodamadeira.pt\/wp-content\/uploads\/2022\/03\/SC_16_03-150x150.jpg 150w, https:\/\/www.mercadodamadeira.pt\/wp-content\/uploads\/2022\/03\/SC_16_03-768x768.jpg 768w, https:\/\/www.mercadodamadeira.pt\/wp-content\/uploads\/2022\/03\/SC_16_03-1536x1536.jpg 1536w, https:\/\/www.mercadodamadeira.pt\/wp-content\/uploads\/2022\/03\/SC_16_03.jpg 1800w\" sizes=\"(max-width: 600px) 100vw, 600px\" \/><\/a><\/div><div class=\"rey-productSlideshow-dots __pagination-6630 --bullets-style-bars\" data-position=\"\"><button data-go=\"0\" aria-label=\"Go to slide  0\"><span><\/span><\/button><button data-go=\"1\" aria-label=\"Go to slide  1\"><span><\/span><\/button><button data-go=\"2\" aria-label=\"Go to slide  2\"><span><\/span><\/button><button data-go=\"3\" aria-label=\"Go to slide  3\"><span><\/span><\/button><\/div><\/div><\/div><\/div>\t\t<div class=\"rey-loopWrapper-details\">\n\t\t<button class=\"button rey-btn--under rey-quickviewBtn js-rey-quickviewBtn\" data-id=\"6630\" title=\"QUICKVIEW\">QUICKVIEW<\/button><h2 class=\"woocommerce-loop-product__title\"><a href=\"https:\/\/www.mercadodamadeira.pt\/en\/produto\/secretaria-fold-2\/\">Fold Desk<\/a><\/h2>\t\t<\/div>\n\t\t\t<\/div>\n\t\n<\/li>\n\n\n<li class=\"rey-swatches rey-swatches--stretch-labels product type-product post-8054 status-publish instock product_cat-dining-rooms product_cat-outdoor product_cat-products product_cat-tables product_cat-tabletops has-post-thumbnail taxable shipping-taxable purchasable product-type-simple is-animated --extraImg-slideshow --extraImg-mobile rey-wc-skin--wrapped rey-wc-loopAlign-left is-animated-entry\" data-pid=\"8054\">\n\n\t<div class=\"rey-productInner --box-styler\"><div class=\"rey-productThumbnail\"><div class=\"splide  --slide-hover\" data-pagination-id=\"__pagination-8054\"><div class=\"splide__track\"><div class=\"rey-productSlideshow splide__list\"><a href=\"https:\/\/www.mercadodamadeira.pt\/en\/produto\/mesa-curved-garden\/\" class=\"splide__slide\"><img loading=\"lazy\" decoding=\"async\" width=\"600\" height=\"600\" src=\"https:\/\/www.mercadodamadeira.pt\/wp-content\/uploads\/2022\/12\/Mesa-Curved-Garden_03-600x600.jpg\" class=\"rey-productThumbnail-extra\" alt=\"\" srcset=\"https:\/\/www.mercadodamadeira.pt\/wp-content\/uploads\/2022\/12\/Mesa-Curved-Garden_03-600x600.jpg 600w, https:\/\/www.mercadodamadeira.pt\/wp-content\/uploads\/2022\/12\/Mesa-Curved-Garden_03-300x300.jpg 300w, https:\/\/www.mercadodamadeira.pt\/wp-content\/uploads\/2022\/12\/Mesa-Curved-Garden_03-150x150.jpg 150w, https:\/\/www.mercadodamadeira.pt\/wp-content\/uploads\/2022\/12\/Mesa-Curved-Garden_03-768x768.jpg 768w, https:\/\/www.mercadodamadeira.pt\/wp-content\/uploads\/2022\/12\/Mesa-Curved-Garden_03-800x800.jpg 800w, https:\/\/www.mercadodamadeira.pt\/wp-content\/uploads\/2022\/12\/Mesa-Curved-Garden_03-100x100.jpg 100w, https:\/\/www.mercadodamadeira.pt\/wp-content\/uploads\/2022\/12\/Mesa-Curved-Garden_03-480x480.jpg 480w, https:\/\/www.mercadodamadeira.pt\/wp-content\/uploads\/2022\/12\/Mesa-Curved-Garden_03-240x240.jpg 240w, https:\/\/www.mercadodamadeira.pt\/wp-content\/uploads\/2022\/12\/Mesa-Curved-Garden_03.jpg 1024w\" sizes=\"(max-width: 600px) 100vw, 600px\" \/><\/a><a href=\"https:\/\/www.mercadodamadeira.pt\/en\/produto\/mesa-curved-garden\/\" class=\"splide__slide\"><img loading=\"lazy\" decoding=\"async\" width=\"600\" height=\"600\" src=\"https:\/\/www.mercadodamadeira.pt\/wp-content\/uploads\/2022\/12\/Mesa-Curved-Garden_05-600x600.jpg\" class=\"rey-productThumbnail-extra\" alt=\"\" srcset=\"https:\/\/www.mercadodamadeira.pt\/wp-content\/uploads\/2022\/12\/Mesa-Curved-Garden_05-600x600.jpg 600w, https:\/\/www.mercadodamadeira.pt\/wp-content\/uploads\/2022\/12\/Mesa-Curved-Garden_05-300x300.jpg 300w, https:\/\/www.mercadodamadeira.pt\/wp-content\/uploads\/2022\/12\/Mesa-Curved-Garden_05-150x150.jpg 150w, https:\/\/www.mercadodamadeira.pt\/wp-content\/uploads\/2022\/12\/Mesa-Curved-Garden_05-768x768.jpg 768w, https:\/\/www.mercadodamadeira.pt\/wp-content\/uploads\/2022\/12\/Mesa-Curved-Garden_05-800x800.jpg 800w, https:\/\/www.mercadodamadeira.pt\/wp-content\/uploads\/2022\/12\/Mesa-Curved-Garden_05-100x100.jpg 100w, https:\/\/www.mercadodamadeira.pt\/wp-content\/uploads\/2022\/12\/Mesa-Curved-Garden_05-480x480.jpg 480w, https:\/\/www.mercadodamadeira.pt\/wp-content\/uploads\/2022\/12\/Mesa-Curved-Garden_05-240x240.jpg 240w, https:\/\/www.mercadodamadeira.pt\/wp-content\/uploads\/2022\/12\/Mesa-Curved-Garden_05.jpg 1024w\" sizes=\"(max-width: 600px) 100vw, 600px\" \/><\/a><a href=\"https:\/\/www.mercadodamadeira.pt\/en\/produto\/mesa-curved-garden\/\" class=\"splide__slide\"><img loading=\"lazy\" decoding=\"async\" width=\"600\" height=\"600\" src=\"https:\/\/www.mercadodamadeira.pt\/wp-content\/uploads\/2022\/12\/Mesa-Curved-Garden_04-600x600.jpg\" class=\"rey-productThumbnail-extra\" alt=\"\" srcset=\"https:\/\/www.mercadodamadeira.pt\/wp-content\/uploads\/2022\/12\/Mesa-Curved-Garden_04-600x600.jpg 600w, https:\/\/www.mercadodamadeira.pt\/wp-content\/uploads\/2022\/12\/Mesa-Curved-Garden_04-300x300.jpg 300w, https:\/\/www.mercadodamadeira.pt\/wp-content\/uploads\/2022\/12\/Mesa-Curved-Garden_04-150x150.jpg 150w, https:\/\/www.mercadodamadeira.pt\/wp-content\/uploads\/2022\/12\/Mesa-Curved-Garden_04-768x768.jpg 768w, https:\/\/www.mercadodamadeira.pt\/wp-content\/uploads\/2022\/12\/Mesa-Curved-Garden_04-800x800.jpg 800w, https:\/\/www.mercadodamadeira.pt\/wp-content\/uploads\/2022\/12\/Mesa-Curved-Garden_04-100x100.jpg 100w, https:\/\/www.mercadodamadeira.pt\/wp-content\/uploads\/2022\/12\/Mesa-Curved-Garden_04-480x480.jpg 480w, https:\/\/www.mercadodamadeira.pt\/wp-content\/uploads\/2022\/12\/Mesa-Curved-Garden_04-240x240.jpg 240w, https:\/\/www.mercadodamadeira.pt\/wp-content\/uploads\/2022\/12\/Mesa-Curved-Garden_04.jpg 1024w\" sizes=\"(max-width: 600px) 100vw, 600px\" \/><\/a><a href=\"https:\/\/www.mercadodamadeira.pt\/en\/produto\/mesa-curved-garden\/\" class=\"splide__slide\"><img loading=\"lazy\" decoding=\"async\" width=\"600\" height=\"600\" src=\"https:\/\/www.mercadodamadeira.pt\/wp-content\/uploads\/2022\/12\/Mesa-Curved-Garden_01-600x600.jpg\" class=\"rey-productThumbnail-extra\" alt=\"\" srcset=\"https:\/\/www.mercadodamadeira.pt\/wp-content\/uploads\/2022\/12\/Mesa-Curved-Garden_01-600x600.jpg 600w, https:\/\/www.mercadodamadeira.pt\/wp-content\/uploads\/2022\/12\/Mesa-Curved-Garden_01-300x300.jpg 300w, https:\/\/www.mercadodamadeira.pt\/wp-content\/uploads\/2022\/12\/Mesa-Curved-Garden_01-150x150.jpg 150w, https:\/\/www.mercadodamadeira.pt\/wp-content\/uploads\/2022\/12\/Mesa-Curved-Garden_01-768x768.jpg 768w, https:\/\/www.mercadodamadeira.pt\/wp-content\/uploads\/2022\/12\/Mesa-Curved-Garden_01-800x800.jpg 800w, https:\/\/www.mercadodamadeira.pt\/wp-content\/uploads\/2022\/12\/Mesa-Curved-Garden_01-100x100.jpg 100w, https:\/\/www.mercadodamadeira.pt\/wp-content\/uploads\/2022\/12\/Mesa-Curved-Garden_01-480x480.jpg 480w, https:\/\/www.mercadodamadeira.pt\/wp-content\/uploads\/2022\/12\/Mesa-Curved-Garden_01-240x240.jpg 240w, https:\/\/www.mercadodamadeira.pt\/wp-content\/uploads\/2022\/12\/Mesa-Curved-Garden_01.jpg 1024w\" sizes=\"(max-width: 600px) 100vw, 600px\" \/><\/a><\/div><div class=\"rey-productSlideshow-dots __pagination-8054 --bullets-style-bars\" data-position=\"\"><button data-go=\"0\" aria-label=\"Go to slide  0\"><span><\/span><\/button><button data-go=\"1\" aria-label=\"Go to slide  1\"><span><\/span><\/button><button data-go=\"2\" aria-label=\"Go to slide  2\"><span><\/span><\/button><button data-go=\"3\" aria-label=\"Go to slide  3\"><span><\/span><\/button><\/div><\/div><\/div><\/div>\t\t<div class=\"rey-loopWrapper-details\">\n\t\t<button class=\"button rey-btn--under rey-quickviewBtn js-rey-quickviewBtn\" data-id=\"8054\" title=\"QUICKVIEW\">QUICKVIEW<\/button><h2 class=\"woocommerce-loop-product__title\"><a href=\"https:\/\/www.mercadodamadeira.pt\/en\/produto\/mesa-curved-garden\/\">Curved Garden Table<\/a><\/h2>\t\t<\/div>\n\t\t\t<\/div>\n\t\n<\/li>\n\n\n<li class=\"rey-swatches rey-swatches--stretch-labels product type-product post-8016 status-publish last instock product_cat-dining-rooms product_cat-environment product_cat-products product_cat-tables has-post-thumbnail taxable shipping-taxable purchasable product-type-variable is-animated --extraImg-slideshow --extraImg-mobile rey-wc-skin--wrapped rey-wc-loopAlign-left is-animated-entry\" data-pid=\"8016\">\n\n\t<div class=\"rey-productInner --box-styler\"><div class=\"rey-productThumbnail\"><div class=\"splide  --slide-hover\" data-pagination-id=\"__pagination-8016\"><div class=\"splide__track\"><div class=\"rey-productSlideshow splide__list\"><a href=\"https:\/\/www.mercadodamadeira.pt\/en\/produto\/pe-de-mesa-xm\/\" class=\"splide__slide\"><img loading=\"lazy\" decoding=\"async\" width=\"600\" height=\"600\" src=\"https:\/\/www.mercadodamadeira.pt\/wp-content\/uploads\/2022\/11\/Pes-XM_02-600x600.jpg\" class=\"rey-productThumbnail-extra\" alt=\"\" srcset=\"https:\/\/www.mercadodamadeira.pt\/wp-content\/uploads\/2022\/11\/Pes-XM_02-600x600.jpg 600w, https:\/\/www.mercadodamadeira.pt\/wp-content\/uploads\/2022\/11\/Pes-XM_02-300x300.jpg 300w, https:\/\/www.mercadodamadeira.pt\/wp-content\/uploads\/2022\/11\/Pes-XM_02-150x150.jpg 150w, https:\/\/www.mercadodamadeira.pt\/wp-content\/uploads\/2022\/11\/Pes-XM_02-768x768.jpg 768w, https:\/\/www.mercadodamadeira.pt\/wp-content\/uploads\/2022\/11\/Pes-XM_02-800x800.jpg 800w, https:\/\/www.mercadodamadeira.pt\/wp-content\/uploads\/2022\/11\/Pes-XM_02-100x100.jpg 100w, https:\/\/www.mercadodamadeira.pt\/wp-content\/uploads\/2022\/11\/Pes-XM_02-480x480.jpg 480w, https:\/\/www.mercadodamadeira.pt\/wp-content\/uploads\/2022\/11\/Pes-XM_02-240x240.jpg 240w, https:\/\/www.mercadodamadeira.pt\/wp-content\/uploads\/2022\/11\/Pes-XM_02.jpg 1024w\" sizes=\"(max-width: 600px) 100vw, 600px\" \/><\/a><a href=\"https:\/\/www.mercadodamadeira.pt\/en\/produto\/pe-de-mesa-xm\/\" class=\"splide__slide\"><img loading=\"lazy\" decoding=\"async\" width=\"600\" height=\"600\" src=\"https:\/\/www.mercadodamadeira.pt\/wp-content\/uploads\/2022\/11\/Pes-XM_01-600x600.jpg\" class=\"rey-productThumbnail-extra\" alt=\"\" srcset=\"https:\/\/www.mercadodamadeira.pt\/wp-content\/uploads\/2022\/11\/Pes-XM_01-600x600.jpg 600w, https:\/\/www.mercadodamadeira.pt\/wp-content\/uploads\/2022\/11\/Pes-XM_01-300x300.jpg 300w, https:\/\/www.mercadodamadeira.pt\/wp-content\/uploads\/2022\/11\/Pes-XM_01-150x150.jpg 150w, https:\/\/www.mercadodamadeira.pt\/wp-content\/uploads\/2022\/11\/Pes-XM_01-768x768.jpg 768w, https:\/\/www.mercadodamadeira.pt\/wp-content\/uploads\/2022\/11\/Pes-XM_01-800x800.jpg 800w, https:\/\/www.mercadodamadeira.pt\/wp-content\/uploads\/2022\/11\/Pes-XM_01-100x100.jpg 100w, https:\/\/www.mercadodamadeira.pt\/wp-content\/uploads\/2022\/11\/Pes-XM_01-480x480.jpg 480w, https:\/\/www.mercadodamadeira.pt\/wp-content\/uploads\/2022\/11\/Pes-XM_01-240x240.jpg 240w, https:\/\/www.mercadodamadeira.pt\/wp-content\/uploads\/2022\/11\/Pes-XM_01.jpg 1024w\" sizes=\"(max-width: 600px) 100vw, 600px\" \/><\/a><a href=\"https:\/\/www.mercadodamadeira.pt\/en\/produto\/pe-de-mesa-xm\/\" class=\"splide__slide\"><img loading=\"lazy\" decoding=\"async\" width=\"600\" height=\"600\" src=\"https:\/\/www.mercadodamadeira.pt\/wp-content\/uploads\/2022\/11\/Pes-XM_03-600x600.jpg\" class=\"rey-productThumbnail-extra\" alt=\"\" srcset=\"https:\/\/www.mercadodamadeira.pt\/wp-content\/uploads\/2022\/11\/Pes-XM_03-600x600.jpg 600w, https:\/\/www.mercadodamadeira.pt\/wp-content\/uploads\/2022\/11\/Pes-XM_03-300x300.jpg 300w, https:\/\/www.mercadodamadeira.pt\/wp-content\/uploads\/2022\/11\/Pes-XM_03-150x150.jpg 150w, https:\/\/www.mercadodamadeira.pt\/wp-content\/uploads\/2022\/11\/Pes-XM_03-768x768.jpg 768w, https:\/\/www.mercadodamadeira.pt\/wp-content\/uploads\/2022\/11\/Pes-XM_03-800x800.jpg 800w, https:\/\/www.mercadodamadeira.pt\/wp-content\/uploads\/2022\/11\/Pes-XM_03-100x100.jpg 100w, https:\/\/www.mercadodamadeira.pt\/wp-content\/uploads\/2022\/11\/Pes-XM_03-480x480.jpg 480w, https:\/\/www.mercadodamadeira.pt\/wp-content\/uploads\/2022\/11\/Pes-XM_03-240x240.jpg 240w, https:\/\/www.mercadodamadeira.pt\/wp-content\/uploads\/2022\/11\/Pes-XM_03.jpg 1024w\" sizes=\"(max-width: 600px) 100vw, 600px\" \/><\/a><a href=\"https:\/\/www.mercadodamadeira.pt\/en\/produto\/pe-de-mesa-xm\/\" class=\"splide__slide\"><img loading=\"lazy\" decoding=\"async\" width=\"600\" height=\"600\" src=\"https:\/\/www.mercadodamadeira.pt\/wp-content\/uploads\/2022\/11\/Pes-XM_04-600x600.jpg\" class=\"rey-productThumbnail-extra\" alt=\"\" srcset=\"https:\/\/www.mercadodamadeira.pt\/wp-content\/uploads\/2022\/11\/Pes-XM_04-600x600.jpg 600w, https:\/\/www.mercadodamadeira.pt\/wp-content\/uploads\/2022\/11\/Pes-XM_04-300x300.jpg 300w, https:\/\/www.mercadodamadeira.pt\/wp-content\/uploads\/2022\/11\/Pes-XM_04-150x150.jpg 150w, https:\/\/www.mercadodamadeira.pt\/wp-content\/uploads\/2022\/11\/Pes-XM_04-768x768.jpg 768w, https:\/\/www.mercadodamadeira.pt\/wp-content\/uploads\/2022\/11\/Pes-XM_04-800x800.jpg 800w, https:\/\/www.mercadodamadeira.pt\/wp-content\/uploads\/2022\/11\/Pes-XM_04-100x100.jpg 100w, https:\/\/www.mercadodamadeira.pt\/wp-content\/uploads\/2022\/11\/Pes-XM_04-480x480.jpg 480w, https:\/\/www.mercadodamadeira.pt\/wp-content\/uploads\/2022\/11\/Pes-XM_04-240x240.jpg 240w, https:\/\/www.mercadodamadeira.pt\/wp-content\/uploads\/2022\/11\/Pes-XM_04.jpg 1024w\" sizes=\"(max-width: 600px) 100vw, 600px\" \/><\/a><\/div><div class=\"rey-productSlideshow-dots __pagination-8016 --bullets-style-bars\" data-position=\"\"><button data-go=\"0\" aria-label=\"Go to slide  0\"><span><\/span><\/button><button data-go=\"1\" aria-label=\"Go to slide  1\"><span><\/span><\/button><button data-go=\"2\" aria-label=\"Go to slide  2\"><span><\/span><\/button><button data-go=\"3\" aria-label=\"Go to slide  3\"><span><\/span><\/button><\/div><\/div><\/div><\/div>\t\t<div class=\"rey-loopWrapper-details\">\n\t\t<button class=\"button rey-btn--under rey-quickviewBtn js-rey-quickviewBtn\" data-id=\"8016\" title=\"QUICKVIEW\">QUICKVIEW<\/button><h2 class=\"woocommerce-loop-product__title\"><a href=\"https:\/\/www.mercadodamadeira.pt\/en\/produto\/pe-de-mesa-xm\/\">XM-shaped Table leg<\/a><\/h2>\t\t<\/div>\n\t\t\t<\/div>\n\t\n<\/li>\n\n<\/ul><\/div>\t\t\t\t<\/div>\n\t\t\t\t<\/div>\n\t\t\t\t\t<\/div>\n\t\t<\/div>\n\t\t\t\t<div class=\"--sticky-col --css-first rey-lazyBg elementor-column elementor-col-50 elementor-top-column elementor-element elementor-element-f96b3f5 rey-colbg--classic\" data-id=\"f96b3f5\" data-element_type=\"column\" data-e-type=\"column\" data-settings=\"{&quot;background_background&quot;:&quot;classic&quot;}\">\n\t\t\t<div class=\"elementor-column-wrap--f96b3f5 elementor-widget-wrap elementor-element-populated\">\n\t\t\t\t\t\t<div class=\"elementor-element elementor-element-f36fd81 custom-font-size elementor-widget elementor-widget-heading\" data-id=\"f36fd81\" data-element_type=\"widget\" data-e-type=\"widget\" data-widget_type=\"heading.default\">\n\t\t\t\t\t<h2 class=\"elementor-heading-title elementor-size-default\">WE VALUE\nWOOD<\/h2>\t\t\t\t<\/div>\n\t\t\t\t<div class=\"elementor-element elementor-element-5b6b9b5 elementor-widget elementor-widget-text-editor\" data-id=\"5b6b9b5\" data-element_type=\"widget\" data-e-type=\"widget\" data-widget_type=\"text-editor.default\">\n\t\t\t\t\t\t\t\t\t<p>The concept of nature is very strong in Mercado da Madeira\u2019s image. The natural and unique style that characterizes our products shares the vision of Jos\u00e9 Lu\u00eds Madeiras \u2013 to make wood both present and valued by society.<\/p>\t\t\t\t\t\t\t\t<\/div>\n\t\t\t\t<div class=\"elementor-element elementor-element-337f513 elementor-button-dashed elementor-widget elementor-widget-button\" data-id=\"337f513\" data-element_type=\"widget\" data-e-type=\"widget\" data-widget_type=\"button.default\">\n\t\t\t\t\t\t\t\t\t\t<a class=\"elementor-button elementor-button-link elementor-size-sm\" href=\"https:\/\/www.mercadodamadeira.pt\/en\/produtos\/\">\n\t\t\t\t\t\t<span class=\"elementor-button-content-wrapper\">\n\t\t\t\t\t\t\t\t\t<span class=\"elementor-button-text\">SEE FULL CATALOG<\/span>\n\t\t\t\t\t<\/span>\n\t\t\t\t\t<\/a>\n\t\t\t\t\t\t\t\t<\/div>\n\t\t\t\t\t<\/div>\n\t\t<\/div>\n\t\t\t\t\t<\/div>\n\t\t<\/section>\n\t\t\t\t<\/div>\n\t\t","protected":false},"excerpt":{"rendered":"<p>WE VALUE WOOD VIEW MORETableGarden VIEW MORESecretaryFold VIEW MORETabletop Natural Chic VIEW MORETableTimber JOINT INTERNATIONALIZATION PROJECT No. POCI-02-0752-FEDER-179301 Instagram Facebook Linkedin Pinterest WHERE ARE WE SCROLL Tabletop see products Table see products New see products Edit Sycamore Coffee table VISTA R\u00c1PIDA Sycamore Coffee table Edit Uhler Table VISTA R\u00c1PIDA Uhler Table Edit L-shaped Table legs [&hellip;]<\/p>\n","protected":false},"author":1,"featured_media":0,"parent":0,"menu_order":0,"comment_status":"closed","ping_status":"closed","template":"template-builder.php","meta":{"_acf_changed":false,"footnotes":""},"class_list":["post-6359","page","type-page","status-publish","hentry"],"acf":[],"yoast_head":"<!-- This site is optimized with the Yoast SEO Premium plugin v26.2 (Yoast SEO v27.1.1) - https:\/\/yoast.com\/product\/yoast-seo-premium-wordpress\/ -->\n<title>Mercado da Madeira- We value wood - Online Store - Capital do M\u00f3vel<\/title>\n<meta name=\"description\" content=\"It is our concern that the wood is carefully selected in the forest, considering its sustainability, in order to bring to the public...\" \/>\n<meta name=\"robots\" content=\"index, follow, max-snippet:-1, max-image-preview:large, max-video-preview:-1\" \/>\n<link rel=\"canonical\" href=\"https:\/\/www.mercadodamadeira.pt\/en\/\" \/>\n<meta property=\"og:locale\" content=\"en_US\" \/>\n<meta property=\"og:type\" content=\"article\" \/>\n<meta property=\"og:title\" content=\"Mercado da Madeira - Valorizamos a Madeira - Loja Online - Capital do M\u00f3vel\" \/>\n<meta property=\"og:description\" content=\"O conceito da natureza est\u00e1 presente no Mercado da Madeira. Recorremos a m\u00e9todos tradicionais de carpintaria e fabrico de m\u00f3veis.\" \/>\n<meta property=\"og:url\" content=\"https:\/\/www.mercadodamadeira.pt\/en\/\" \/>\n<meta property=\"og:site_name\" content=\"Mercado da Madeira\" \/>\n<meta property=\"article:publisher\" content=\"https:\/\/www.facebook.com\/mercadodamadeira\/\" \/>\n<meta property=\"article:modified_time\" content=\"2024-01-03T18:05:04+00:00\" \/>\n<meta property=\"og:image\" content=\"https:\/\/www.mercadodamadeira.pt\/wp-content\/uploads\/2024\/01\/logof_compete_white.webp\" \/>\n<meta name=\"twitter:card\" content=\"summary_large_image\" \/>\n<meta name=\"twitter:label1\" content=\"Est. reading time\" \/>\n\t<meta name=\"twitter:data1\" content=\"3 minutes\" \/>\n<script type=\"application\/ld+json\" class=\"yoast-schema-graph\">{\"@context\":\"https:\/\/schema.org\",\"@graph\":[{\"@type\":\"WebPage\",\"@id\":\"https:\/\/www.mercadodamadeira.pt\/en\/\",\"url\":\"https:\/\/www.mercadodamadeira.pt\/en\/\",\"name\":\"Mercado da Madeira- We value wood - Online Store - Capital do M\u00f3vel\",\"isPartOf\":{\"@id\":\"https:\/\/www.mercadodamadeira.pt\/en\/#website\"},\"primaryImageOfPage\":{\"@id\":\"https:\/\/www.mercadodamadeira.pt\/en\/#primaryimage\"},\"image\":{\"@id\":\"https:\/\/www.mercadodamadeira.pt\/en\/#primaryimage\"},\"thumbnailUrl\":\"https:\/\/www.mercadodamadeira.pt\/wp-content\/uploads\/2024\/01\/logof_compete_white.webp\",\"datePublished\":\"2019-04-17T11:08:57+00:00\",\"dateModified\":\"2024-01-03T18:05:04+00:00\",\"description\":\"It is our concern that the wood is carefully selected in the forest, considering its sustainability, in order to bring to the public...\",\"breadcrumb\":{\"@id\":\"https:\/\/www.mercadodamadeira.pt\/en\/#breadcrumb\"},\"inLanguage\":\"en-US\",\"potentialAction\":[{\"@type\":\"ReadAction\",\"target\":[\"https:\/\/www.mercadodamadeira.pt\/en\/\"]}]},{\"@type\":\"ImageObject\",\"inLanguage\":\"en-US\",\"@id\":\"https:\/\/www.mercadodamadeira.pt\/en\/#primaryimage\",\"url\":\"https:\/\/www.mercadodamadeira.pt\/wp-content\/uploads\/2024\/01\/logof_compete_white.webp\",\"contentUrl\":\"https:\/\/www.mercadodamadeira.pt\/wp-content\/uploads\/2024\/01\/logof_compete_white.webp\"},{\"@type\":\"BreadcrumbList\",\"@id\":\"https:\/\/www.mercadodamadeira.pt\/en\/#breadcrumb\",\"itemListElement\":[{\"@type\":\"ListItem\",\"position\":1,\"name\":\"In\u00edcio\",\"item\":\"https:\/\/www.mercadodamadeira.pt\/en\/\"},{\"@type\":\"ListItem\",\"position\":2,\"name\":\"Home\"}]},{\"@type\":\"WebSite\",\"@id\":\"https:\/\/www.mercadodamadeira.pt\/en\/#website\",\"url\":\"https:\/\/www.mercadodamadeira.pt\/en\/\",\"name\":\"Mercado da Madeira\",\"description\":\"Valorizamos a Madeira\",\"publisher\":{\"@id\":\"https:\/\/www.mercadodamadeira.pt\/en\/#organization\"},\"potentialAction\":[{\"@type\":\"SearchAction\",\"target\":{\"@type\":\"EntryPoint\",\"urlTemplate\":\"https:\/\/www.mercadodamadeira.pt\/en\/?s={search_term_string}\"},\"query-input\":{\"@type\":\"PropertyValueSpecification\",\"valueRequired\":true,\"valueName\":\"search_term_string\"}}],\"inLanguage\":\"en-US\"},{\"@type\":\"Organization\",\"@id\":\"https:\/\/www.mercadodamadeira.pt\/en\/#organization\",\"name\":\"Mercado da Madeira - Valorizamos a Madeira - Loja Online - Capital do M\u00f3vel\",\"url\":\"https:\/\/www.mercadodamadeira.pt\/en\/\",\"logo\":{\"@type\":\"ImageObject\",\"inLanguage\":\"en-US\",\"@id\":\"https:\/\/www.mercadodamadeira.pt\/en\/#\/schema\/logo\/image\/\",\"url\":\"https:\/\/www.mercadodamadeira.pt\/wp-content\/uploads\/2022\/01\/logomm_white.png\",\"contentUrl\":\"https:\/\/www.mercadodamadeira.pt\/wp-content\/uploads\/2022\/01\/logomm_white.png\",\"width\":2253,\"height\":750,\"caption\":\"Mercado da Madeira - Valorizamos a Madeira - Loja Online - Capital do M\u00f3vel\"},\"image\":{\"@id\":\"https:\/\/www.mercadodamadeira.pt\/en\/#\/schema\/logo\/image\/\"},\"sameAs\":[\"https:\/\/www.facebook.com\/mercadodamadeira\/\",\"https:\/\/www.instagram.com\/mercadodamadeira.pt\/\",\"https:\/\/www.linkedin.com\/company\/mercado-da-madeira\/\",\"https:\/\/www.pinterest.pt\/mercadodamadeira\/\"]}]}<\/script>\n<!-- \/ Yoast SEO Premium plugin. -->","yoast_head_json":{"title":"Mercado da Madeira- We value wood - Online Store - Capital do M\u00f3vel","description":"It is our concern that the wood is carefully selected in the forest, considering its sustainability, in order to bring to the public...","robots":{"index":"index","follow":"follow","max-snippet":"max-snippet:-1","max-image-preview":"max-image-preview:large","max-video-preview":"max-video-preview:-1"},"canonical":"https:\/\/www.mercadodamadeira.pt\/en\/","og_locale":"en_US","og_type":"article","og_title":"Mercado da Madeira - Valorizamos a Madeira - Loja Online - Capital do M\u00f3vel","og_description":"O conceito da natureza est\u00e1 presente no Mercado da Madeira. Recorremos a m\u00e9todos tradicionais de carpintaria e fabrico de m\u00f3veis.","og_url":"https:\/\/www.mercadodamadeira.pt\/en\/","og_site_name":"Mercado da Madeira","article_publisher":"https:\/\/www.facebook.com\/mercadodamadeira\/","article_modified_time":"2024-01-03T18:05:04+00:00","og_image":[{"url":"https:\/\/www.mercadodamadeira.pt\/wp-content\/uploads\/2024\/01\/logof_compete_white.webp","type":"","width":"","height":""}],"twitter_card":"summary_large_image","twitter_misc":{"Est. reading time":"3 minutes"},"schema":{"@context":"https:\/\/schema.org","@graph":[{"@type":"WebPage","@id":"https:\/\/www.mercadodamadeira.pt\/en\/","url":"https:\/\/www.mercadodamadeira.pt\/en\/","name":"Mercado da Madeira- We value wood - Online Store - Capital do M\u00f3vel","isPartOf":{"@id":"https:\/\/www.mercadodamadeira.pt\/en\/#website"},"primaryImageOfPage":{"@id":"https:\/\/www.mercadodamadeira.pt\/en\/#primaryimage"},"image":{"@id":"https:\/\/www.mercadodamadeira.pt\/en\/#primaryimage"},"thumbnailUrl":"https:\/\/www.mercadodamadeira.pt\/wp-content\/uploads\/2024\/01\/logof_compete_white.webp","datePublished":"2019-04-17T11:08:57+00:00","dateModified":"2024-01-03T18:05:04+00:00","description":"It is our concern that the wood is carefully selected in the forest, considering its sustainability, in order to bring to the public...","breadcrumb":{"@id":"https:\/\/www.mercadodamadeira.pt\/en\/#breadcrumb"},"inLanguage":"en-US","potentialAction":[{"@type":"ReadAction","target":["https:\/\/www.mercadodamadeira.pt\/en\/"]}]},{"@type":"ImageObject","inLanguage":"en-US","@id":"https:\/\/www.mercadodamadeira.pt\/en\/#primaryimage","url":"https:\/\/www.mercadodamadeira.pt\/wp-content\/uploads\/2024\/01\/logof_compete_white.webp","contentUrl":"https:\/\/www.mercadodamadeira.pt\/wp-content\/uploads\/2024\/01\/logof_compete_white.webp"},{"@type":"BreadcrumbList","@id":"https:\/\/www.mercadodamadeira.pt\/en\/#breadcrumb","itemListElement":[{"@type":"ListItem","position":1,"name":"In\u00edcio","item":"https:\/\/www.mercadodamadeira.pt\/en\/"},{"@type":"ListItem","position":2,"name":"Home"}]},{"@type":"WebSite","@id":"https:\/\/www.mercadodamadeira.pt\/en\/#website","url":"https:\/\/www.mercadodamadeira.pt\/en\/","name":"Mercado da Madeira","description":"Valorizamos a Madeira","publisher":{"@id":"https:\/\/www.mercadodamadeira.pt\/en\/#organization"},"potentialAction":[{"@type":"SearchAction","target":{"@type":"EntryPoint","urlTemplate":"https:\/\/www.mercadodamadeira.pt\/en\/?s={search_term_string}"},"query-input":{"@type":"PropertyValueSpecification","valueRequired":true,"valueName":"search_term_string"}}],"inLanguage":"en-US"},{"@type":"Organization","@id":"https:\/\/www.mercadodamadeira.pt\/en\/#organization","name":"Mercado da Madeira - Valorizamos a Madeira - Loja Online - Capital do M\u00f3vel","url":"https:\/\/www.mercadodamadeira.pt\/en\/","logo":{"@type":"ImageObject","inLanguage":"en-US","@id":"https:\/\/www.mercadodamadeira.pt\/en\/#\/schema\/logo\/image\/","url":"https:\/\/www.mercadodamadeira.pt\/wp-content\/uploads\/2022\/01\/logomm_white.png","contentUrl":"https:\/\/www.mercadodamadeira.pt\/wp-content\/uploads\/2022\/01\/logomm_white.png","width":2253,"height":750,"caption":"Mercado da Madeira - Valorizamos a Madeira - Loja Online - Capital do M\u00f3vel"},"image":{"@id":"https:\/\/www.mercadodamadeira.pt\/en\/#\/schema\/logo\/image\/"},"sameAs":["https:\/\/www.facebook.com\/mercadodamadeira\/","https:\/\/www.instagram.com\/mercadodamadeira.pt\/","https:\/\/www.linkedin.com\/company\/mercado-da-madeira\/","https:\/\/www.pinterest.pt\/mercadodamadeira\/"]}]}},"_links":{"self":[{"href":"https:\/\/www.mercadodamadeira.pt\/en\/wp-json\/wp\/v2\/pages\/6359","targetHints":{"allow":["GET"]}}],"collection":[{"href":"https:\/\/www.mercadodamadeira.pt\/en\/wp-json\/wp\/v2\/pages"}],"about":[{"href":"https:\/\/www.mercadodamadeira.pt\/en\/wp-json\/wp\/v2\/types\/page"}],"author":[{"embeddable":true,"href":"https:\/\/www.mercadodamadeira.pt\/en\/wp-json\/wp\/v2\/users\/1"}],"replies":[{"embeddable":true,"href":"https:\/\/www.mercadodamadeira.pt\/en\/wp-json\/wp\/v2\/comments?post=6359"}],"version-history":[{"count":40,"href":"https:\/\/www.mercadodamadeira.pt\/en\/wp-json\/wp\/v2\/pages\/6359\/revisions"}],"predecessor-version":[{"id":8341,"href":"https:\/\/www.mercadodamadeira.pt\/en\/wp-json\/wp\/v2\/pages\/6359\/revisions\/8341"}],"wp:attachment":[{"href":"https:\/\/www.mercadodamadeira.pt\/en\/wp-json\/wp\/v2\/media?parent=6359"}],"curies":[{"name":"wp","href":"https:\/\/api.w.org\/{rel}","templated":true}]}}